{"id":9281,"date":"2018-01-19T13:20:23","date_gmt":"2018-01-19T12:20:23","guid":{"rendered":"https:\/\/testwebsite.tourismfastforward.com\/2018\/?page_id=9281"},"modified":"2023-08-14T11:23:43","modified_gmt":"2023-08-14T09:23:43","slug":"about","status":"publish","type":"page","link":"https:\/\/www.tourismfastforward.com\/2023\/about\/","title":{"rendered":"About"},"content":{"rendered":"<p>[vc_row css=&#8221;.vc_custom_1516891102765{padding-top: 200px !important;padding-bottom: 100px !important;}&#8221;][vc_column][vc_custom_heading text=&#8221;About&#8221; font_container=&#8221;tag:h1|text_align:left&#8221; use_theme_fonts=&#8221;yes&#8221;][vc_separator css=&#8221;.vc_custom_1516800608812{padding-bottom: 50px !important;}&#8221;][vc_custom_heading text=&#8221;DIALOG DIGITALER TOURISMUS&#8221; font_container=&#8221;tag:h1|font_size:24|text_align:left|color:%237a7a7a&#8221; use_theme_fonts=&#8221;yes&#8221;][vc_column_text]TourismFastForward ist eine Veranstaltung zu Themen des eTourismus und findet einmal j\u00e4hrlich im Kongresszentrum Mayrhofen statt.<br \/>\nAngefangen hat alles vor 2013 in Mayrhofen. Damals beschlossen Dieter Fensel, Leiter des STI-Institutes an der Universit\u00e4t Innsbruck, Bernhard Rieder, damals Leiter des Arbeitskreises eTourismus an der UBIT Tirol, und Andreas Lackner, Gesch\u00e4ftsf\u00fchrer des Tourismusverbandes Mayrhofen-Hippach, eine Workshopreihe zu etablieren. Ziel war die F\u00f6rderung des Dialoges zwischen dem Tourismus, der Wissenschaft und der IT. Der Tourismus der Zukunft muss wettbewerbsf\u00e4hig, nachhaltig und vernetzt bleiben. Mit TourismFastForward sichern wir Teamwork und Dialog zwischen Tourismusdienstleistern, Travel-Technologie-Anbietern, Wissenschaft und Destination-Managern \u2013 grenz\u00fcberschreitend und interdisziplin\u00e4r.<\/p>\n<p>[\/vc_column_text][vc_custom_heading text=&#8221;Kurzportrait von Convention Tirol zu TourismFastForward&#8221; font_container=&#8221;tag:h2|font_size:24|text_align:left|color:%237a7a7a&#8221; use_theme_fonts=&#8221;yes&#8221;][vc_column_text]<br \/>\n<a href=\"https:\/\/www.convention.tirol\/tourism-fast-forward-mayrhofen\/\">Artikel TourismFastForward &#8211; Convention Tirol<\/a><\/p>\n<p>[\/vc_column_text][vc_custom_heading text=&#8221;ZIELE&#8221; font_container=&#8221;tag:h2|font_size:24|text_align:left|color:%237a7a7a&#8221; use_theme_fonts=&#8221;yes&#8221;][vc_column_text]<\/p>\n<ul>\n<li style=\"list-style-type: none;\">\n<ul>\n<li style=\"list-style-type: none;\">\n<ul>\n<li>Unseren Tourismus der Zukunft gestalten<\/li>\n<li>Wissen zwischen allen Disziplinen austauschen<\/li>\n<li>Neue Technologien scouten und analysieren<\/li>\n<li>\u201eState of the Art\u201d Input von Experten erhalten und von \u201eBest Practice\u201d Beispielen lernen<\/li>\n<li>Interdisziplin\u00e4re Pilotprojekte f\u00f6rdern<\/li>\n<\/ul>\n<\/li>\n<\/ul>\n<\/li>\n<\/ul>\n<p>[\/vc_column_text][vc_custom_heading text=&#8221;ZIELGRUPPEN&#8221; font_container=&#8221;tag:h2|font_size:24|text_align:left|color:%237a7a7a&#8221; use_theme_fonts=&#8221;yes&#8221;][vc_column_text]<\/p>\n<ul>\n<li style=\"list-style-type: none;\">\n<ul>\n<li style=\"list-style-type: none;\">\n<ul>\n<li>Bergbahnen<\/li>\n<li>Hotellerie<\/li>\n<li>Reisemittler<\/li>\n<li>Tourismusverb\u00e4nde<\/li>\n<li>Travel Technologie Betriebe<\/li>\n<li>Weitere touristische Dienstleister<\/li>\n<li>Wissenschaft<\/li>\n<\/ul>\n<\/li>\n<\/ul>\n<\/li>\n<\/ul>\n<p>[\/vc_column_text][vc_custom_heading text=&#8221;Tr\u00e4ger&#8221; font_container=&#8221;tag:h1|text_align:left&#8221; use_theme_fonts=&#8221;yes&#8221; css=&#8221;.vc_custom_1516801682822{padding-top: 100px !important;}&#8221;][vc_separator css=&#8221;.vc_custom_1516800685764{padding-bottom: 50px !important;}&#8221;][vc_custom_heading text=&#8221;Die Veranstaltungsserie wird getragen von folgenden Parteien:&#8221; font_container=&#8221;tag:h2|font_size:24|text_align:left|color:%237a7a7a&#8221; use_theme_fonts=&#8221;yes&#8221;][vc_column_text]<\/p>\n<ul>\n<li style=\"list-style-type: none;\">\n<ul>\n<li style=\"list-style-type: none;\">\n<ul>\n<li>Gesch\u00e4ftsleitung Europahaus Mayrhofen GesBR<\/li>\n<li>\u00d6sterreich Werbung<\/li>\n<li>Standortagentur Tirol<\/li>\n<li>Tirol Werbung<\/li>\n<li>TVB Mayrhofen-Hippach<\/li>\n<\/ul>\n<\/li>\n<\/ul>\n<\/li>\n<\/ul>\n<p>[\/vc_column_text][vc_custom_heading text=&#8221;Beirat&#8221; font_container=&#8221;tag:h1|text_align:left&#8221; use_theme_fonts=&#8221;yes&#8221; css=&#8221;.vc_custom_1516801698573{padding-top: 100px !important;}&#8221;][vc_separator css=&#8221;.vc_custom_1516800685764{padding-bottom: 50px !important;}&#8221;][vc_custom_heading text=&#8221;Der Beirat definiert die inhaltliche Ausrichtung der Konferenzserie und \u00fcberwacht und ber\u00e4t die Durchf\u00fchrung einer einzelnen Konferenz. Im Einzelnen bedeutet dies:&#8221; font_container=&#8221;tag:h2|font_size:24|text_align:left|color:%237a7a7a&#8221; use_theme_fonts=&#8221;yes&#8221;][vc_column_text]<strong>AUFGABEN<\/strong><\/p>\n<ul>\n<li style=\"list-style-type: none;\">\n<ul>\n<li style=\"list-style-type: none;\">\n<ul class=\"ff-arrow-list\">\n<li>Definition der allgemeinen thematischen Ausrichtung eines j\u00e4hrlichen Events<\/li>\n<li>Approval des Budgets eines j\u00e4hrlichen Events in Abstimmung mit den Tr\u00e4gern<\/li>\n<li>Bestellung eines OKs f\u00fcr ein j\u00e4hrliches Event<\/li>\n<li>Evaluierung eines durchgef\u00fchrten Events<\/li>\n<\/ul>\n<\/li>\n<\/ul>\n<\/li>\n<\/ul>\n<ul>\n<li style=\"list-style-type: none;\">\n<ul>\n<li style=\"list-style-type: none;\"><\/li>\n<\/ul>\n<\/li>\n<\/ul>\n<p>[\/vc_column_text][vc_column_text]<strong>ZUSAMMENSETZUNG<\/strong><\/p>\n<p>Der Beirat besteht aus jeweils 5 Mitgliedern aus den Bereichen PPP, TSP, ITSP und IP.<\/p>\n<p><strong>Public Private Partnership (PPP)<\/strong><\/p>\n<ul>\n<li style=\"list-style-type: none;\">\n<ul>\n<li style=\"list-style-type: none;\">\n<ul class=\"ff-arrow-list\">\n<li>Markus Grazer, \u00d6HV<\/li>\n<li>Andreas Lackner, TVB Mayrhofen<\/li>\n<li>Oliver Csendes, \u00d6sterreich Werbung<\/li>\n<li>Armin M\u00f6ller, Tirol Werbung<\/li>\n<li>Franz Unterluggauer, Standortagentur Tirol<\/li>\n<\/ul>\n<\/li>\n<\/ul>\n<\/li>\n<\/ul>\n<p>[\/vc_column_text][vc_column_text]<strong>Touristic Solution Providers (TSP)<\/strong><\/p>\n<ul>\n<li style=\"list-style-type: none;\">\n<ul>\n<li style=\"list-style-type: none;\">\n<ul class=\"ff-arrow-list\">\n<li>Reinhard Lanner, workersonthefield.com<\/li>\n<li>Sven Thoenes, Kapthon AG<\/li>\n<\/ul>\n<\/li>\n<\/ul>\n<\/li>\n<\/ul>\n<p>[\/vc_column_text][vc_column_text]<strong>IT Solution Providers (ITSP)<\/strong><\/p>\n<ul>\n<li style=\"list-style-type: none;\">\n<ul>\n<li style=\"list-style-type: none;\">\n<ul class=\"ff-arrow-list\">\n<li>Thomas Angerer, Feratel<\/li>\n<li>Bernhard Rieder<\/li>\n<li>Elias K\u00e4rle, Onlim<\/li>\n<li>Gilberto Loacker, Alturos<\/li>\n<\/ul>\n<\/li>\n<\/ul>\n<\/li>\n<\/ul>\n<p>[\/vc_column_text][vc_column_text]<strong>Intelligence Providers (IP)<\/strong><\/p>\n<ul>\n<li style=\"list-style-type: none;\">\n<ul>\n<li style=\"list-style-type: none;\">\n<ul class=\"ff-arrow-list\">\n<li>Univ.-Prof. Dr. Dieter Fensel, Universit\u00e4t Innsbruck<\/li>\n<li>Prof. Christian Maurer, IMC FH Krems<\/li>\n<li>Univ.-Prof. Dr. Mike Peters, Universit\u00e4t Innsbruck<\/li>\n<li>FH-Prof. Mag. Hubert J. Siller, MCI Management Center Innsbruck<\/li>\n<li>Umutcan Simsek, STI Innsbruck<\/li>\n<\/ul>\n<\/li>\n<\/ul>\n<\/li>\n<\/ul>\n<p>[\/vc_column_text][vc_column_text]<strong>einem\/einer Angeh\u00f6rigen, welche von Europahaus Mayrhofen vorgeschlagen wird und das Budget kalkuliert, \u00fcberwacht und begleitet<\/strong><\/p>\n<ul>\n<li style=\"list-style-type: none;\">\n<ul>\n<li style=\"list-style-type: none;\">\n<ul class=\"ff-arrow-list\">\n<li>Stefanie Thurner<\/li>\n<\/ul>\n<\/li>\n<\/ul>\n<\/li>\n<\/ul>\n<p>Als Vorsitzender des Beirats wurde Univ.-Prof. Dr. Mike Peters bestellt.[\/vc_column_text][vc_custom_heading text=&#8221;Mayrhofen im (digitalen) Kurzportrait&#8221;][vc_column_text]<strong>Mayrhofen im (digitalen) Kurzportrait<\/strong><\/p>\n<p>Die Ferienregion Mayrhofen-Hippach ist eine von 4 Regionen des Zillertals. Sie erstreckt sich \u00fcber 401 km\u00b2 im hinteren Teil des Zillertals und \u00fcber 4 Gemeinden und 1 Ortsvorstehung (Ginzling). Mayrhofen gilt als das pulsierende Herz des Zillertals. Dort trifft der Talboden auf 4 Seitent\u00e4ler, die einen wesentlichen Teil des Hochgebirgsnaturpark Zillertaler Alpen bilden. Dieser wurde im Jahr 2015 zum \u201eNaturpark des Jahres\u201c ausgezeichnet. In Mayrhofen treffen nicht nur Natur und Tradition zusammen, sondern auch ein junger und moderner Lifestyle auf internationales Publikum. Dieser spiegelt sich in den Angeboten der \u201eMayrhofner Hauptstra\u00dfe\u201c wider. Hier treffen Volksmusikfans auf Rucksacktouristen, Mountainbiker auf Flanierer, Freeskier auf Familienskifahrer und Einkaufslustige auf Feinschmecker und Kongressbesucher.<\/p>\n<p>Das Zillertal an sich gilt nach Wien und nach N\u00e4chtigungszahlen gemessen mit etwa 7,5 Millionen pro Jahr als die gr\u00f6\u00dfte Ferienregion \u00d6sterreichs. Auf die Ferienregion Mayrhofen-Hippach entfallen dabei ca. 2,3 Millionen \u00dcbernachtungen mit einem Verh\u00e4ltnis von 59 zu 41 Prozent Winter und Sommerg\u00e4sten.<\/p>\n<p><strong>Mayrhofen und die Digitalisierung<\/strong><\/p>\n<p>Der Tourismusverband Mayrhofen gilt seit Langem als Pionier in Sachen Digitalisierung. Das j\u00fcngste Projekt ist <a href=\"https:\/\/myzillertal.app\/\">myZillertal.app<\/a>, das den Tourismusverband ins Zeitalter des Destinationsmanagements transferiert. myZillertal.app ist eine All in One Reisef\u00fchrer Anwendung f\u00fcr Einheimische und G\u00e4ste. Dort finden Kunden nicht nur buchbare Unterk\u00fcnfte, sondern das, was f\u00fcr den Aufenthalt wichtig ist: Erlebnisse. Gemeinsam mit Alturos AG und den Mayrhofner Bergbahnen hat der Tourismusverband unz\u00e4hlige Leistungen und Erlebnisse dargestellt und buchbar gemacht. Vom Skipass \u00fcber den Skiverleih, den Skikurs, die gef\u00fchrte Wanderung, Eintrittskarten f\u00fcr Events, gef\u00fchrte Workshops, buchbare Parkpl\u00e4tze, \u00f6ffentlichen Verkehr, usw. findet sich in myZillertal.app alles, was vor Ort relevant ist. Dieser Inhalt wird personalisiert und mit Echtzeitkommunikation direkt an die Kunden von myZillertal.app ausgespielt. myZillertal ist damit auch ein digitales Destinationsmanagementsystem. Der Tourismusverband ist einer der ersten, der in der Lage ist, das Kundenverhalten in seiner Region zu kennen, dieses auszuwerten und basierend darauf die Produktentwicklung, die Kommunikation und die Ressourcenplanung besser, als je zuvor abzustimmen. 2020 befindet sich das Projekt seit 1 Jahr im Live-Betrieb und in der Aufbauphase. Bis zum Ende des ersten Projektzeitraums von 5 Jahren will Mayrhofen in der Lage sein, aufgrund des Kundenverhaltens besucherlenkend zu wirken und die Wertsch\u00f6pfung durch intelligentes Upselling bei lokalen Unternehmen zu steigern. Wie in vielen anderen Regionen gilt auch hier die Mobilit\u00e4t der Menschen als die gr\u00f6\u00dfte Herausforderung. Mit der Digitalisierung des Destinationsmanagements r\u00fcstet sich Mayrhofen diese Herausforderungen in Zukunft zu meistern.<\/p>\n<p>Digitalisierung wird im Tourismusverband nicht als Alleingang betrachtet. Die meisten Regionen haben im Wandel zum Destinationsmanagement dieselben Herausforderungen zu bew\u00e4ltigen. Es ergibt Sinn, sich dazu auszutauschen und in aktive Entwicklungskooperationen untereinander einzutreten. Dazu unterst\u00fctzt die Ferienregion den Digitalkongress <a href=\"http:\/\/www.tourismfastforward.com\/\">TourismFastForward<\/a> und betreibt die Technologie und Organisation von myZillertal als offenes Projekt, das allen Tourismusregionen kooperativ zur Verf\u00fcgung steht.<\/p>\n<p>[\/vc_column_text][\/vc_column][\/vc_row]<\/p>\n","protected":false},"excerpt":{"rendered":"<p>[vc_row css=&#8221;.vc_custom_1516891102765{padding-top: 200px !important;padding-bottom: 100px !important;}&#8221;][vc_column][vc_custom_heading text=&#8221;About&#8221; font_container=&#8221;tag:h1|text_align:left&#8221; use_theme_fonts=&#8221;yes&#8221;][vc_separator css=&#8221;.vc_custom_1516800608812{padding-bottom: 50px !important;}&#8221;][vc_custom_heading text=&#8221;DIALOG DIGITALER TOURISMUS&#8221; font_container=&#8221;tag:h1|font_size:24|text_align:left|color:%237a7a7a&#8221; use_theme_fonts=&#8221;yes&#8221;][vc_column_text]TourismFastForward ist eine Veranstaltung zu Themen des eTourismus und findet einmal j\u00e4hrlich im Kongresszentrum Mayrhofen statt. Angefangen hat alles vor 2013 in Mayrhofen. Damals beschlossen Dieter Fensel, Leiter des STI-Institutes an der Universit\u00e4t Innsbruck, Bernhard Rieder, damals Leiter des &hellip; <a href=\"https:\/\/www.tourismfastforward.com\/2023\/about\/\" class=\"more-link\">Continue reading <span class=\"meta-nav\">&rarr;<\/span><span class=\"screen-reader-text\">About<\/span> <\/a><\/p>\n","protected":false},"author":3,"featured_media":0,"parent":0,"menu_order":0,"comment_status":"closed","ping_status":"closed","template":"page-templates\/full-width.php","meta":{"footnotes":""},"class_list":["post-9281","page","type-page","status-publish","hentry"],"yoast_head":"<!-- This site is optimized with the Yoast SEO plugin v27.5 - https:\/\/yoast.com\/product\/yoast-seo-wordpress\/ -->\n<title>About - Die Konferenz f\u00fcr innovative Technologien im Tourismus<\/title>\n<meta name=\"robots\" content=\"index, follow, max-snippet:-1, max-image-preview:large, max-video-preview:-1\" \/>\n<link rel=\"canonical\" href=\"https:\/\/www.tourismfastforward.com\/2023\/about\/\" \/>\n<meta property=\"og:locale\" content=\"en_US\" \/>\n<meta property=\"og:type\" content=\"article\" \/>\n<meta property=\"og:title\" content=\"About - Die Konferenz f\u00fcr innovative Technologien im Tourismus\" \/>\n<meta property=\"og:description\" content=\"[vc_row css=&#8221;.vc_custom_1516891102765{padding-top: 200px !important;padding-bottom: 100px !important;}&#8221;][vc_column][vc_custom_heading text=&#8221;About&#8221; font_container=&#8221;tag:h1|text_align:left&#8221; use_theme_fonts=&#8221;yes&#8221;][vc_separator css=&#8221;.vc_custom_1516800608812{padding-bottom: 50px !important;}&#8221;][vc_custom_heading text=&#8221;DIALOG DIGITALER TOURISMUS&#8221; font_container=&#8221;tag:h1|font_size:24|text_align:left|color:%237a7a7a&#8221; use_theme_fonts=&#8221;yes&#8221;][vc_column_text]TourismFastForward ist eine Veranstaltung zu Themen des eTourismus und findet einmal j\u00e4hrlich im Kongresszentrum Mayrhofen statt. Angefangen hat alles vor 2013 in Mayrhofen. Damals beschlossen Dieter Fensel, Leiter des STI-Institutes an der Universit\u00e4t Innsbruck, Bernhard Rieder, damals Leiter des &hellip; Continue reading &rarr;About\" \/>\n<meta property=\"og:url\" content=\"https:\/\/www.tourismfastforward.com\/2023\/about\/\" \/>\n<meta property=\"og:site_name\" content=\"Die Konferenz f\u00fcr innovative Technologien im Tourismus\" \/>\n<meta property=\"article:publisher\" content=\"https:\/\/www.facebook.com\/tourismfastforward\" \/>\n<meta property=\"article:modified_time\" content=\"2023-08-14T09:23:43+00:00\" \/>\n<meta name=\"twitter:card\" content=\"summary_large_image\" \/>\n<meta name=\"twitter:site\" content=\"@tourismff\" \/>\n<meta name=\"twitter:label1\" content=\"Est. reading time\" \/>\n\t<meta name=\"twitter:data1\" content=\"6 minutes\" \/>\n<script type=\"application\/ld+json\" class=\"yoast-schema-graph\">{\"@context\":\"https:\\\/\\\/schema.org\",\"@graph\":[{\"@type\":\"WebPage\",\"@id\":\"https:\\\/\\\/www.tourismfastforward.com\\\/2023\\\/about\\\/\",\"url\":\"https:\\\/\\\/www.tourismfastforward.com\\\/2023\\\/about\\\/\",\"name\":\"About - Die Konferenz f\u00fcr innovative Technologien im Tourismus\",\"isPartOf\":{\"@id\":\"https:\\\/\\\/www.tourismfastforward.com\\\/2023\\\/#website\"},\"datePublished\":\"2018-01-19T12:20:23+00:00\",\"dateModified\":\"2023-08-14T09:23:43+00:00\",\"breadcrumb\":{\"@id\":\"https:\\\/\\\/www.tourismfastforward.com\\\/2023\\\/about\\\/#breadcrumb\"},\"inLanguage\":\"en-US\",\"potentialAction\":[{\"@type\":\"ReadAction\",\"target\":[\"https:\\\/\\\/www.tourismfastforward.com\\\/2023\\\/about\\\/\"]}]},{\"@type\":\"BreadcrumbList\",\"@id\":\"https:\\\/\\\/www.tourismfastforward.com\\\/2023\\\/about\\\/#breadcrumb\",\"itemListElement\":[{\"@type\":\"ListItem\",\"position\":1,\"name\":\"Startseite\",\"item\":\"https:\\\/\\\/www.tourismfastforward.com\\\/2023\\\/\"},{\"@type\":\"ListItem\",\"position\":2,\"name\":\"About\"}]},{\"@type\":\"WebSite\",\"@id\":\"https:\\\/\\\/www.tourismfastforward.com\\\/2023\\\/#website\",\"url\":\"https:\\\/\\\/www.tourismfastforward.com\\\/2023\\\/\",\"name\":\"Die Konferenz f\u00fcr innovative Technologien im Tourismus\",\"description\":\"Tourism Fast Forward 2023\",\"publisher\":{\"@id\":\"https:\\\/\\\/www.tourismfastforward.com\\\/2023\\\/#organization\"},\"potentialAction\":[{\"@type\":\"SearchAction\",\"target\":{\"@type\":\"EntryPoint\",\"urlTemplate\":\"https:\\\/\\\/www.tourismfastforward.com\\\/2023\\\/?s={search_term_string}\"},\"query-input\":{\"@type\":\"PropertyValueSpecification\",\"valueRequired\":true,\"valueName\":\"search_term_string\"}}],\"inLanguage\":\"en-US\"},{\"@type\":\"Organization\",\"@id\":\"https:\\\/\\\/www.tourismfastforward.com\\\/2023\\\/#organization\",\"name\":\"Tourism Fast Forward\",\"url\":\"https:\\\/\\\/www.tourismfastforward.com\\\/2023\\\/\",\"logo\":{\"@type\":\"ImageObject\",\"inLanguage\":\"en-US\",\"@id\":\"https:\\\/\\\/www.tourismfastforward.com\\\/2023\\\/#\\\/schema\\\/logo\\\/image\\\/\",\"url\":\"https:\\\/\\\/www.tourismfastforward.com\\\/2021\\\/wp-content\\\/uploads\\\/2017\\\/11\\\/Logo_TFF.jpg\",\"contentUrl\":\"https:\\\/\\\/www.tourismfastforward.com\\\/2021\\\/wp-content\\\/uploads\\\/2017\\\/11\\\/Logo_TFF.jpg\",\"width\":100,\"height\":103,\"caption\":\"Tourism Fast Forward\"},\"image\":{\"@id\":\"https:\\\/\\\/www.tourismfastforward.com\\\/2023\\\/#\\\/schema\\\/logo\\\/image\\\/\"},\"sameAs\":[\"https:\\\/\\\/www.facebook.com\\\/tourismfastforward\",\"https:\\\/\\\/x.com\\\/tourismff\",\"https:\\\/\\\/www.linkedin.com\\\/groups\\\/6834532\",\"https:\\\/\\\/www.youtube.com\\\/channel\\\/UCxFatA_qY5C12HJeEpLQ-VA\"]}]}<\/script>\n<!-- \/ Yoast SEO plugin. -->","yoast_head_json":{"title":"About - Die Konferenz f\u00fcr innovative Technologien im Tourismus","robots":{"index":"index","follow":"follow","max-snippet":"max-snippet:-1","max-image-preview":"max-image-preview:large","max-video-preview":"max-video-preview:-1"},"canonical":"https:\/\/www.tourismfastforward.com\/2023\/about\/","og_locale":"en_US","og_type":"article","og_title":"About - Die Konferenz f\u00fcr innovative Technologien im Tourismus","og_description":"[vc_row css=&#8221;.vc_custom_1516891102765{padding-top: 200px !important;padding-bottom: 100px !important;}&#8221;][vc_column][vc_custom_heading text=&#8221;About&#8221; font_container=&#8221;tag:h1|text_align:left&#8221; use_theme_fonts=&#8221;yes&#8221;][vc_separator css=&#8221;.vc_custom_1516800608812{padding-bottom: 50px !important;}&#8221;][vc_custom_heading text=&#8221;DIALOG DIGITALER TOURISMUS&#8221; font_container=&#8221;tag:h1|font_size:24|text_align:left|color:%237a7a7a&#8221; use_theme_fonts=&#8221;yes&#8221;][vc_column_text]TourismFastForward ist eine Veranstaltung zu Themen des eTourismus und findet einmal j\u00e4hrlich im Kongresszentrum Mayrhofen statt. Angefangen hat alles vor 2013 in Mayrhofen. Damals beschlossen Dieter Fensel, Leiter des STI-Institutes an der Universit\u00e4t Innsbruck, Bernhard Rieder, damals Leiter des &hellip; Continue reading &rarr;About","og_url":"https:\/\/www.tourismfastforward.com\/2023\/about\/","og_site_name":"Die Konferenz f\u00fcr innovative Technologien im Tourismus","article_publisher":"https:\/\/www.facebook.com\/tourismfastforward","article_modified_time":"2023-08-14T09:23:43+00:00","twitter_card":"summary_large_image","twitter_site":"@tourismff","twitter_misc":{"Est. reading time":"6 minutes"},"schema":{"@context":"https:\/\/schema.org","@graph":[{"@type":"WebPage","@id":"https:\/\/www.tourismfastforward.com\/2023\/about\/","url":"https:\/\/www.tourismfastforward.com\/2023\/about\/","name":"About - Die Konferenz f\u00fcr innovative Technologien im Tourismus","isPartOf":{"@id":"https:\/\/www.tourismfastforward.com\/2023\/#website"},"datePublished":"2018-01-19T12:20:23+00:00","dateModified":"2023-08-14T09:23:43+00:00","breadcrumb":{"@id":"https:\/\/www.tourismfastforward.com\/2023\/about\/#breadcrumb"},"inLanguage":"en-US","potentialAction":[{"@type":"ReadAction","target":["https:\/\/www.tourismfastforward.com\/2023\/about\/"]}]},{"@type":"BreadcrumbList","@id":"https:\/\/www.tourismfastforward.com\/2023\/about\/#breadcrumb","itemListElement":[{"@type":"ListItem","position":1,"name":"Startseite","item":"https:\/\/www.tourismfastforward.com\/2023\/"},{"@type":"ListItem","position":2,"name":"About"}]},{"@type":"WebSite","@id":"https:\/\/www.tourismfastforward.com\/2023\/#website","url":"https:\/\/www.tourismfastforward.com\/2023\/","name":"Die Konferenz f\u00fcr innovative Technologien im Tourismus","description":"Tourism Fast Forward 2023","publisher":{"@id":"https:\/\/www.tourismfastforward.com\/2023\/#organization"},"potentialAction":[{"@type":"SearchAction","target":{"@type":"EntryPoint","urlTemplate":"https:\/\/www.tourismfastforward.com\/2023\/?s={search_term_string}"},"query-input":{"@type":"PropertyValueSpecification","valueRequired":true,"valueName":"search_term_string"}}],"inLanguage":"en-US"},{"@type":"Organization","@id":"https:\/\/www.tourismfastforward.com\/2023\/#organization","name":"Tourism Fast Forward","url":"https:\/\/www.tourismfastforward.com\/2023\/","logo":{"@type":"ImageObject","inLanguage":"en-US","@id":"https:\/\/www.tourismfastforward.com\/2023\/#\/schema\/logo\/image\/","url":"https:\/\/www.tourismfastforward.com\/2021\/wp-content\/uploads\/2017\/11\/Logo_TFF.jpg","contentUrl":"https:\/\/www.tourismfastforward.com\/2021\/wp-content\/uploads\/2017\/11\/Logo_TFF.jpg","width":100,"height":103,"caption":"Tourism Fast Forward"},"image":{"@id":"https:\/\/www.tourismfastforward.com\/2023\/#\/schema\/logo\/image\/"},"sameAs":["https:\/\/www.facebook.com\/tourismfastforward","https:\/\/x.com\/tourismff","https:\/\/www.linkedin.com\/groups\/6834532","https:\/\/www.youtube.com\/channel\/UCxFatA_qY5C12HJeEpLQ-VA"]}]}},"_links":{"self":[{"href":"https:\/\/www.tourismfastforward.com\/2023\/wp-json\/wp\/v2\/pages\/9281","targetHints":{"allow":["GET"]}}],"collection":[{"href":"https:\/\/www.tourismfastforward.com\/2023\/wp-json\/wp\/v2\/pages"}],"about":[{"href":"https:\/\/www.tourismfastforward.com\/2023\/wp-json\/wp\/v2\/types\/page"}],"author":[{"embeddable":true,"href":"https:\/\/www.tourismfastforward.com\/2023\/wp-json\/wp\/v2\/users\/3"}],"replies":[{"embeddable":true,"href":"https:\/\/www.tourismfastforward.com\/2023\/wp-json\/wp\/v2\/comments?post=9281"}],"version-history":[{"count":31,"href":"https:\/\/www.tourismfastforward.com\/2023\/wp-json\/wp\/v2\/pages\/9281\/revisions"}],"predecessor-version":[{"id":11344,"href":"https:\/\/www.tourismfastforward.com\/2023\/wp-json\/wp\/v2\/pages\/9281\/revisions\/11344"}],"wp:attachment":[{"href":"https:\/\/www.tourismfastforward.com\/2023\/wp-json\/wp\/v2\/media?parent=9281"}],"curies":[{"name":"wp","href":"https:\/\/api.w.org\/{rel}","templated":true}]}}