{"id":9255,"date":"2018-01-19T10:51:44","date_gmt":"2018-01-19T09:51:44","guid":{"rendered":"https:\/\/testwebsite.tourismfastforward.com\/2018\/?page_id=9255"},"modified":"2023-09-14T09:54:01","modified_gmt":"2023-09-14T07:54:01","slug":"organisationsteam","status":"publish","type":"page","link":"https:\/\/www.tourismfastforward.com\/2023\/organisationsteam\/","title":{"rendered":"Organisationsteam"},"content":{"rendered":"<p>[vc_row css=&#8221;.vc_custom_1516358195164{padding-top: 120px !important;padding-bottom: 20px !important;}&#8221;][vc_column][vc_column_text]<\/p>\n<h2 class=\"vc_custom_heading\" style=\"text-align: center;\">Das Organisationsteam stellt sich vor:<\/h2>\n<p>[\/vc_column_text][\/vc_column][\/vc_row]<\/p>\n<p>[vc_row css=&#8221;.vc_custom_1516975253042{padding-bottom: 100px !important;}&#8221;]<\/p>\n<p>[vc_column width=&#8221;1\/4&#8243;][pbr_team_list title=&#8221;ANDREAS LACKNER&#8221; photo=&#8221;9759&#8243; job=&#8221;Gesch\u00e4ftsf\u00fchrer, Tourismusverband Mayrhofen-Hippach&#8221;]<\/p>\n<p style=\"text-align: justify; line-height: 1.3;\">Andreas Lackner ist seit 2008 Gesch\u00e4ftsf\u00fchrer des Zillertaler Tourismusverbandes Mayrhofen-Hippach. Zuvor war er Gesch\u00e4ftsf\u00fchrer der Veldener Tourismus GmbH am W\u00f6rthersee sowie Marketing- und Projektleiter f\u00fcr den TVB Achensee. Seine Schwerpunkte sind die Markenentwicklung und Aktivierung von Marken innerhalb und au\u00dferhalb der Tourismusorganisation. Aber auch der Online-Vertriebsaufbau und die St\u00e4rkung des Direktvertriebs durch die Betriebe und Tourismusorganisation selbst sind sein Steckenpferd. Lackners Credo: \u201eTourismusverb\u00e4nde sind schon lange keine Dorfversch\u00f6nerungsvereine mehr. Heute sind sie ein Marktplatz f\u00fcr ihre Mitglieder und G\u00e4ste. F\u00fcr eine wertsch\u00f6pfungsreiche Kundenbeziehung m\u00fcssen sie entlang der gesamten Customer Journey auf h\u00f6chstem Niveau agieren, wie jedes andere Unternehmen auch.\u201c<\/p>\n<p>[\/pbr_team_list][\/vc_column]<\/p>\n<p>[vc_column width=&#8221;1\/4&#8243;][pbr_team_list title=&#8221;BERNHARD RIEDER&#8221; photo=&#8221;9766&#8243; job=&#8221;Gesch\u00e4ftsf\u00fchrer, MCA KG &amp; Leiter OC TourismFastForward&#8221;]<\/p>\n<p style=\"text-align: justify; line-height: 1.3;\">Bernhard Rieder studierte Betriebswirtschaftslehre in Innsbruck und ist schon seit seiner Schulzeit unternehmerisch t\u00e4tig u.a. Werbeagentur Rieder, Innsbruck; MCA Management Consulting Agency KG \u2013 Beratungs- und Marktforschungsinstitut, Innsbruck. Mag. Bernhard Rieder verf\u00fcgt \u00fcber zahlreiche Erfahrungen im Bereich e-Tourismus u.a. freie Mitarbeit am Institut f\u00fcr Wirtschaftsinformatik und e-Tourismus Innsbruck, Mitarbeit am europaweiten eTourismus-Forschungsprojekt \u201eHarmonise\u201c, Studienkonzeption und Projektleitung \u201eDestinometer\u201c \u2013 Benchmarkingkonzept im alpinen Tourismus, Leiter der Entwicklung des etCurriculum am e-Tourism Competence Center Austria, Arbeitskreis eTourismus der Wirtschaftskammer Tirol \/ UBIT, Business Development &amp; ehem. Shareholder Seekda GmbH,\u00a0 Mitbegr\u00fcnder und Leiter TourismFastForward Kongress in Mayrhofen.<\/p>\n<p style=\"text-align: justify; line-height: 1.3;\">[\/pbr_team_list][\/vc_column]<\/p>\n<p>[vc_column width=&#8221;1\/4&#8243;][pbr_team_list title=&#8221;ELISABETH MONAI&#8221; photo=&#8221;10236&#8243; job=&#8221;Congress- &amp; Eventmanagement, Europahaus Mayrhofen&#8221;]<\/p>\n<p style=\"text-align: left;\">Elisabeth Monai ist seit 2012 f\u00fcr das Congress- &amp; Event Management im Europahaus Mayrhofen zust\u00e4ndig und somit auch bei TFF von Anfang an<br \/>\ndabei. Mit ihren Wurzeln im Tourismus ist sie f\u00fcr den organisatorischen\u00a0 Ablauf des Kongresses verantwortlich, sowie f\u00fcr die Netzwerk-Veranstaltung am Abend. Eine vision\u00e4re Veranstaltung wie TFF braucht den passenden\u00a0 Rahmen, f\u00fcr Teilnehmer als auch die angesprochenen Themen, dazu eignet sich das moderne Europahaus perfekt!<\/p>\n<p style=\"text-align: left;\">[\/pbr_team_list][\/vc_column]<\/p>\n<p>[vc_column width=&#8221;1\/4&#8243;][pbr_team_list title=&#8221;FRANZ UNTERLUGGAUER&#8221; photo=&#8221;9764&#8243; job=&#8221;Programm Manager \u2013 Cluster Informationstechnologien Tirol, Standortagentur Tirol&#8221;]<\/p>\n<p style=\"text-align: justify; line-height: 1.3;\">Franz Unterluggauer arbeitet seit 2010 f\u00fcr die Standortagentur Tirol als Programm Manager Informationstechnologien Tirol. Insbesondere die Nahtstellen von Technologien und Tools in die branchenoffene Anwendung stehen im Vordergrund (beispielsweise Vernetzte Systeme, eTourismus und Smart Production). Davor fungierte er als Quality Assurance Manager f\u00fcr IT-Sicherheitsl\u00f6sungen. Als Projektleiter war er bei der Entwicklung von Systemen zur Personaleinsatzplanung t\u00e4tig und f\u00fcr die Implementierungsprojekte Klinischer Informationssysteme zust\u00e4ndig. Unterluggauer studierte Internationale Wirtschaftswissenschaften an der Universit\u00e4t Innsbruck. Abgeschlossen hat er als Magister der Sozial- und Wirtschaftswissenschaften mit dem Schwerpunkt Wirtschaftsinformatik.<\/p>\n<p style=\"text-align: justify; line-height: 1.3;\">[\/pbr_team_list][\/vc_column]<\/p>\n<p>[\/vc_row]<\/p>\n","protected":false},"excerpt":{"rendered":"<p>[vc_row css=&#8221;.vc_custom_1516358195164{padding-top: 120px !important;padding-bottom: 20px !important;}&#8221;][vc_column][vc_column_text] Das Organisationsteam stellt sich vor: [\/vc_column_text][\/vc_column][\/vc_row] [vc_row css=&#8221;.vc_custom_1516975253042{padding-bottom: 100px !important;}&#8221;] [vc_column width=&#8221;1\/4&#8243;][pbr_team_list title=&#8221;ANDREAS LACKNER&#8221; photo=&#8221;9759&#8243; job=&#8221;Gesch\u00e4ftsf\u00fchrer, Tourismusverband Mayrhofen-Hippach&#8221;] Andreas Lackner ist seit 2008 Gesch\u00e4ftsf\u00fchrer des Zillertaler Tourismusverbandes Mayrhofen-Hippach. Zuvor war er Gesch\u00e4ftsf\u00fchrer der Veldener Tourismus GmbH am W\u00f6rthersee sowie Marketing- und Projektleiter f\u00fcr den TVB Achensee. Seine Schwerpunkte sind &hellip; <a href=\"https:\/\/www.tourismfastforward.com\/2023\/organisationsteam\/\" class=\"more-link\">Continue reading <span class=\"meta-nav\">&rarr;<\/span><span class=\"screen-reader-text\">Organisationsteam<\/span> <\/a><\/p>\n","protected":false},"author":3,"featured_media":0,"parent":0,"menu_order":0,"comment_status":"closed","ping_status":"closed","template":"","meta":{"footnotes":""},"class_list":["post-9255","page","type-page","status-publish","hentry"],"yoast_head":"<!-- This site is optimized with the Yoast SEO plugin v27.5 - https:\/\/yoast.com\/product\/yoast-seo-wordpress\/ -->\n<title>Organisationsteam - Die Konferenz f\u00fcr innovative Technologien im Tourismus<\/title>\n<meta name=\"robots\" content=\"index, follow, max-snippet:-1, max-image-preview:large, max-video-preview:-1\" \/>\n<link rel=\"canonical\" href=\"https:\/\/www.tourismfastforward.com\/2023\/organisationsteam\/\" \/>\n<meta property=\"og:locale\" content=\"en_US\" \/>\n<meta property=\"og:type\" content=\"article\" \/>\n<meta property=\"og:title\" content=\"Organisationsteam - Die Konferenz f\u00fcr innovative Technologien im Tourismus\" \/>\n<meta property=\"og:description\" content=\"[vc_row css=&#8221;.vc_custom_1516358195164{padding-top: 120px !important;padding-bottom: 20px !important;}&#8221;][vc_column][vc_column_text] Das Organisationsteam stellt sich vor: [\/vc_column_text][\/vc_column][\/vc_row] [vc_row css=&#8221;.vc_custom_1516975253042{padding-bottom: 100px !important;}&#8221;] [vc_column width=&#8221;1\/4&#8243;][pbr_team_list title=&#8221;ANDREAS LACKNER&#8221; photo=&#8221;9759&#8243; job=&#8221;Gesch\u00e4ftsf\u00fchrer, Tourismusverband Mayrhofen-Hippach&#8221;] Andreas Lackner ist seit 2008 Gesch\u00e4ftsf\u00fchrer des Zillertaler Tourismusverbandes Mayrhofen-Hippach. Zuvor war er Gesch\u00e4ftsf\u00fchrer der Veldener Tourismus GmbH am W\u00f6rthersee sowie Marketing- und Projektleiter f\u00fcr den TVB Achensee. Seine Schwerpunkte sind &hellip; Continue reading &rarr;Organisationsteam\" \/>\n<meta property=\"og:url\" content=\"https:\/\/www.tourismfastforward.com\/2023\/organisationsteam\/\" \/>\n<meta property=\"og:site_name\" content=\"Die Konferenz f\u00fcr innovative Technologien im Tourismus\" \/>\n<meta property=\"article:publisher\" content=\"https:\/\/www.facebook.com\/tourismfastforward\" \/>\n<meta property=\"article:modified_time\" content=\"2023-09-14T07:54:01+00:00\" \/>\n<meta name=\"twitter:card\" content=\"summary_large_image\" \/>\n<meta name=\"twitter:site\" content=\"@tourismff\" \/>\n<meta name=\"twitter:label1\" content=\"Est. reading time\" \/>\n\t<meta name=\"twitter:data1\" content=\"3 minutes\" \/>\n<script type=\"application\/ld+json\" class=\"yoast-schema-graph\">{\"@context\":\"https:\\\/\\\/schema.org\",\"@graph\":[{\"@type\":\"WebPage\",\"@id\":\"https:\\\/\\\/www.tourismfastforward.com\\\/2023\\\/organisationsteam\\\/\",\"url\":\"https:\\\/\\\/www.tourismfastforward.com\\\/2023\\\/organisationsteam\\\/\",\"name\":\"Organisationsteam - Die Konferenz f\u00fcr innovative Technologien im Tourismus\",\"isPartOf\":{\"@id\":\"https:\\\/\\\/www.tourismfastforward.com\\\/2023\\\/#website\"},\"datePublished\":\"2018-01-19T09:51:44+00:00\",\"dateModified\":\"2023-09-14T07:54:01+00:00\",\"breadcrumb\":{\"@id\":\"https:\\\/\\\/www.tourismfastforward.com\\\/2023\\\/organisationsteam\\\/#breadcrumb\"},\"inLanguage\":\"en-US\",\"potentialAction\":[{\"@type\":\"ReadAction\",\"target\":[\"https:\\\/\\\/www.tourismfastforward.com\\\/2023\\\/organisationsteam\\\/\"]}]},{\"@type\":\"BreadcrumbList\",\"@id\":\"https:\\\/\\\/www.tourismfastforward.com\\\/2023\\\/organisationsteam\\\/#breadcrumb\",\"itemListElement\":[{\"@type\":\"ListItem\",\"position\":1,\"name\":\"Startseite\",\"item\":\"https:\\\/\\\/www.tourismfastforward.com\\\/2023\\\/\"},{\"@type\":\"ListItem\",\"position\":2,\"name\":\"Organisationsteam\"}]},{\"@type\":\"WebSite\",\"@id\":\"https:\\\/\\\/www.tourismfastforward.com\\\/2023\\\/#website\",\"url\":\"https:\\\/\\\/www.tourismfastforward.com\\\/2023\\\/\",\"name\":\"Die Konferenz f\u00fcr innovative Technologien im Tourismus\",\"description\":\"Tourism Fast Forward 2023\",\"publisher\":{\"@id\":\"https:\\\/\\\/www.tourismfastforward.com\\\/2023\\\/#organization\"},\"potentialAction\":[{\"@type\":\"SearchAction\",\"target\":{\"@type\":\"EntryPoint\",\"urlTemplate\":\"https:\\\/\\\/www.tourismfastforward.com\\\/2023\\\/?s={search_term_string}\"},\"query-input\":{\"@type\":\"PropertyValueSpecification\",\"valueRequired\":true,\"valueName\":\"search_term_string\"}}],\"inLanguage\":\"en-US\"},{\"@type\":\"Organization\",\"@id\":\"https:\\\/\\\/www.tourismfastforward.com\\\/2023\\\/#organization\",\"name\":\"Tourism Fast Forward\",\"url\":\"https:\\\/\\\/www.tourismfastforward.com\\\/2023\\\/\",\"logo\":{\"@type\":\"ImageObject\",\"inLanguage\":\"en-US\",\"@id\":\"https:\\\/\\\/www.tourismfastforward.com\\\/2023\\\/#\\\/schema\\\/logo\\\/image\\\/\",\"url\":\"https:\\\/\\\/www.tourismfastforward.com\\\/2021\\\/wp-content\\\/uploads\\\/2017\\\/11\\\/Logo_TFF.jpg\",\"contentUrl\":\"https:\\\/\\\/www.tourismfastforward.com\\\/2021\\\/wp-content\\\/uploads\\\/2017\\\/11\\\/Logo_TFF.jpg\",\"width\":100,\"height\":103,\"caption\":\"Tourism Fast Forward\"},\"image\":{\"@id\":\"https:\\\/\\\/www.tourismfastforward.com\\\/2023\\\/#\\\/schema\\\/logo\\\/image\\\/\"},\"sameAs\":[\"https:\\\/\\\/www.facebook.com\\\/tourismfastforward\",\"https:\\\/\\\/x.com\\\/tourismff\",\"https:\\\/\\\/www.linkedin.com\\\/groups\\\/6834532\",\"https:\\\/\\\/www.youtube.com\\\/channel\\\/UCxFatA_qY5C12HJeEpLQ-VA\"]}]}<\/script>\n<!-- \/ Yoast SEO plugin. -->","yoast_head_json":{"title":"Organisationsteam - Die Konferenz f\u00fcr innovative Technologien im Tourismus","robots":{"index":"index","follow":"follow","max-snippet":"max-snippet:-1","max-image-preview":"max-image-preview:large","max-video-preview":"max-video-preview:-1"},"canonical":"https:\/\/www.tourismfastforward.com\/2023\/organisationsteam\/","og_locale":"en_US","og_type":"article","og_title":"Organisationsteam - Die Konferenz f\u00fcr innovative Technologien im Tourismus","og_description":"[vc_row css=&#8221;.vc_custom_1516358195164{padding-top: 120px !important;padding-bottom: 20px !important;}&#8221;][vc_column][vc_column_text] Das Organisationsteam stellt sich vor: [\/vc_column_text][\/vc_column][\/vc_row] [vc_row css=&#8221;.vc_custom_1516975253042{padding-bottom: 100px !important;}&#8221;] [vc_column width=&#8221;1\/4&#8243;][pbr_team_list title=&#8221;ANDREAS LACKNER&#8221; photo=&#8221;9759&#8243; job=&#8221;Gesch\u00e4ftsf\u00fchrer, Tourismusverband Mayrhofen-Hippach&#8221;] Andreas Lackner ist seit 2008 Gesch\u00e4ftsf\u00fchrer des Zillertaler Tourismusverbandes Mayrhofen-Hippach. Zuvor war er Gesch\u00e4ftsf\u00fchrer der Veldener Tourismus GmbH am W\u00f6rthersee sowie Marketing- und Projektleiter f\u00fcr den TVB Achensee. Seine Schwerpunkte sind &hellip; Continue reading &rarr;Organisationsteam","og_url":"https:\/\/www.tourismfastforward.com\/2023\/organisationsteam\/","og_site_name":"Die Konferenz f\u00fcr innovative Technologien im Tourismus","article_publisher":"https:\/\/www.facebook.com\/tourismfastforward","article_modified_time":"2023-09-14T07:54:01+00:00","twitter_card":"summary_large_image","twitter_site":"@tourismff","twitter_misc":{"Est. reading time":"3 minutes"},"schema":{"@context":"https:\/\/schema.org","@graph":[{"@type":"WebPage","@id":"https:\/\/www.tourismfastforward.com\/2023\/organisationsteam\/","url":"https:\/\/www.tourismfastforward.com\/2023\/organisationsteam\/","name":"Organisationsteam - Die Konferenz f\u00fcr innovative Technologien im Tourismus","isPartOf":{"@id":"https:\/\/www.tourismfastforward.com\/2023\/#website"},"datePublished":"2018-01-19T09:51:44+00:00","dateModified":"2023-09-14T07:54:01+00:00","breadcrumb":{"@id":"https:\/\/www.tourismfastforward.com\/2023\/organisationsteam\/#breadcrumb"},"inLanguage":"en-US","potentialAction":[{"@type":"ReadAction","target":["https:\/\/www.tourismfastforward.com\/2023\/organisationsteam\/"]}]},{"@type":"BreadcrumbList","@id":"https:\/\/www.tourismfastforward.com\/2023\/organisationsteam\/#breadcrumb","itemListElement":[{"@type":"ListItem","position":1,"name":"Startseite","item":"https:\/\/www.tourismfastforward.com\/2023\/"},{"@type":"ListItem","position":2,"name":"Organisationsteam"}]},{"@type":"WebSite","@id":"https:\/\/www.tourismfastforward.com\/2023\/#website","url":"https:\/\/www.tourismfastforward.com\/2023\/","name":"Die Konferenz f\u00fcr innovative Technologien im Tourismus","description":"Tourism Fast Forward 2023","publisher":{"@id":"https:\/\/www.tourismfastforward.com\/2023\/#organization"},"potentialAction":[{"@type":"SearchAction","target":{"@type":"EntryPoint","urlTemplate":"https:\/\/www.tourismfastforward.com\/2023\/?s={search_term_string}"},"query-input":{"@type":"PropertyValueSpecification","valueRequired":true,"valueName":"search_term_string"}}],"inLanguage":"en-US"},{"@type":"Organization","@id":"https:\/\/www.tourismfastforward.com\/2023\/#organization","name":"Tourism Fast Forward","url":"https:\/\/www.tourismfastforward.com\/2023\/","logo":{"@type":"ImageObject","inLanguage":"en-US","@id":"https:\/\/www.tourismfastforward.com\/2023\/#\/schema\/logo\/image\/","url":"https:\/\/www.tourismfastforward.com\/2021\/wp-content\/uploads\/2017\/11\/Logo_TFF.jpg","contentUrl":"https:\/\/www.tourismfastforward.com\/2021\/wp-content\/uploads\/2017\/11\/Logo_TFF.jpg","width":100,"height":103,"caption":"Tourism Fast Forward"},"image":{"@id":"https:\/\/www.tourismfastforward.com\/2023\/#\/schema\/logo\/image\/"},"sameAs":["https:\/\/www.facebook.com\/tourismfastforward","https:\/\/x.com\/tourismff","https:\/\/www.linkedin.com\/groups\/6834532","https:\/\/www.youtube.com\/channel\/UCxFatA_qY5C12HJeEpLQ-VA"]}]}},"_links":{"self":[{"href":"https:\/\/www.tourismfastforward.com\/2023\/wp-json\/wp\/v2\/pages\/9255","targetHints":{"allow":["GET"]}}],"collection":[{"href":"https:\/\/www.tourismfastforward.com\/2023\/wp-json\/wp\/v2\/pages"}],"about":[{"href":"https:\/\/www.tourismfastforward.com\/2023\/wp-json\/wp\/v2\/types\/page"}],"author":[{"embeddable":true,"href":"https:\/\/www.tourismfastforward.com\/2023\/wp-json\/wp\/v2\/users\/3"}],"replies":[{"embeddable":true,"href":"https:\/\/www.tourismfastforward.com\/2023\/wp-json\/wp\/v2\/comments?post=9255"}],"version-history":[{"count":56,"href":"https:\/\/www.tourismfastforward.com\/2023\/wp-json\/wp\/v2\/pages\/9255\/revisions"}],"predecessor-version":[{"id":11433,"href":"https:\/\/www.tourismfastforward.com\/2023\/wp-json\/wp\/v2\/pages\/9255\/revisions\/11433"}],"wp:attachment":[{"href":"https:\/\/www.tourismfastforward.com\/2023\/wp-json\/wp\/v2\/media?parent=9255"}],"curies":[{"name":"wp","href":"https:\/\/api.w.org\/{rel}","templated":true}]}}