{"id":7039,"date":"2015-06-17T09:46:59","date_gmt":"2015-06-17T07:46:59","guid":{"rendered":"http:\/\/localhost\/wordpress\/eventiz\/?page_id=7039"},"modified":"2022-06-28T11:33:31","modified_gmt":"2022-06-28T09:33:31","slug":"home","status":"publish","type":"page","link":"https:\/\/www.tourismfastforward.com\/2020\/","title":{"rendered":"Home"},"content":{"rendered":"<p>[vc_row parallax=&#8220;1&#8243; parallax_image=&#8220;9251&#8243; css_animation=&#8220;bounceInRight&#8220; css=&#8220;.vc_custom_1516700481826{padding-top: 175px !important;padding-bottom: 75px !important;}&#8220;][vc_column width=&#8220;2\/3&#8243; css=&#8220;.vc_custom_1450777042365{padding-top: 30px !important;}&#8220;][vc_custom_heading text=&#8220;Tourism Fast Forward 2020&#8243; font_container=&#8220;tag:h1|font_size:68|text_align:left|color:%23ffffff&#8220; use_theme_fonts=&#8220;yes&#8220; css_animation=&#8220;none&#8220; css=&#8220;.vc_custom_1622449727205{margin-top: 0px !important;border-top-width: 0px !important;padding-top: 0px !important;}&#8220;][vc_row_inner][vc_column_inner][vc_custom_heading text=&#8220;VERSCHOBEN auf 06. &#8211; 07. Oktober 2021!!<br \/>\nInfos zum TFF2021 finden Sie unter: www.tourismfastforward.com\/2021&#8243; font_container=&#8220;tag:h2|font_size:36|text_align:left|color:%23ff0c0c&#8220; use_theme_fonts=&#8220;yes&#8220; css_animation=&#8220;none&#8220; css=&#8220;.vc_custom_1622449875166{margin-left: 0px !important;border-left-width: 0px !important;padding-left: 0px !important;}&#8220; link=&#8220;url:https%3A%2F%2Fwww.tourismfastforward.com%2F2021|title:Infos%20zum%20TFF2021%20finden%20Sie%20hier!||&#8220;][pbr_contact_information address=&#8220;Europahaus Mayrhofen, Zillertal&#8220;][\/pbr_contact_information][\/vc_column_inner][\/vc_row_inner][vc_btn title=&#8220;Tickets Bestellen&#8220; style=&#8220;classic&#8220; color=&#8220;default&#8220; size=&#8220;lg&#8220; css_animation=&#8220;none&#8220; css=&#8220;.vc_custom_1622449967093{padding-top: 150px !important;}&#8220; el_id=&#8220;TicketButton&#8220; link=&#8220;url:https%3A%2F%2Fwww.tourismfastforward.com%2F2021%2Ftickets%2F|||&#8220;][\/vc_column][vc_column width=&#8220;1\/3&#8243;][\/vc_column][\/vc_row][vc_row full_height=&#8220;yes&#8220; parallax=&#8220;1&#8243; css=&#8220;.vc_custom_1518612436322{padding-bottom: 50px !important;}&#8220;][vc_column css=&#8220;.vc_custom_1450777042365{padding-top: 30px !important;}&#8220;][vc_custom_heading text=&#8220;Main Topic&#8220; font_container=&#8220;tag:h2|font_size:52|text_align:center|color:%23009baf&#8220; use_theme_fonts=&#8220;yes&#8220; css=&#8220;.vc_custom_1597218654399{padding-top: 0px !important;padding-bottom: 0px !important;}&#8220;][vc_custom_heading text=&#8220;Smart Data in Tourism&#8220; font_container=&#8220;tag:h2|font_size:48|text_align:center|color:%23424242&#8243; google_fonts=&#8220;font_family:Ubuntu%3A300%2C300italic%2Cregular%2Citalic%2C500%2C500italic%2C700%2C700italic|font_style:400%20regular%3A400%3Anormal&#8220; css_animation=&#8220;none&#8220; css=&#8220;.vc_custom_1579256173098{padding-bottom: 50px !important;}&#8220;][vc_icon type=&#8220;entypo&#8220; icon_entypo=&#8220;entypo-icon entypo-icon-mic&#8220; color=&#8220;custom&#8220; size=&#8220;lg&#8220; align=&#8220;center&#8220; custom_color=&#8220;#009aaf&#8220;][\/vc_column][\/vc_row][vc_row css=&#8220;.vc_custom_1517233967163{padding-top: 100px !important;padding-bottom: 100px !important;background-color: #f9f9f9 !important;}&#8220;][vc_column][pbr_block_heading title=&#8220;Side-Topics:&#8220; subheading=&#8220;Smart Data in Tourism&#8220;][\/pbr_block_heading][vc_row_inner css=&#8220;.vc_custom_1516703377674{padding-top: 50px !important;}&#8220;][vc_column_inner width=&#8220;1\/2&#8243;][vc_icon icon_fontawesome=&#8220;fa fa-handshake-o&#8220; color=&#8220;custom&#8220; size=&#8220;xl&#8220; align=&#8220;center&#8220; custom_color=&#8220;#75d69c&#8220;][vc_custom_heading text=&#8220;Open Data \/ Knowledge Graph im Tourismus&#8220; font_container=&#8220;tag:h2|text_align:center|color:%23777777&#8243; use_theme_fonts=&#8220;yes&#8220; css=&#8220;.vc_custom_1597218736317{padding-bottom: 50px !important;}&#8220;][\/vc_column_inner][vc_column_inner width=&#8220;1\/2&#8243;][vc_icon type=&#8220;typicons&#8220; icon_typicons=&#8220;typcn typcn-group-outline&#8220; color=&#8220;custom&#8220; size=&#8220;xl&#8220; align=&#8220;center&#8220; custom_color=&#8220;#75d69c&#8220;][vc_custom_heading text=&#8220;Customer Journey in der Destination &#8211; Data driven approach&#8220; font_container=&#8220;tag:h2|text_align:center|color:%23777777&#8243; use_theme_fonts=&#8220;yes&#8220; css=&#8220;.vc_custom_1579256452437{padding-bottom: 50px !important;}&#8220;][\/vc_column_inner][\/vc_row_inner][\/vc_column][\/vc_row][vc_row css=&#8220;.vc_custom_1528184812694{padding-top: 100px !important;background-color: #ffffff !important;}&#8220;][vc_column][pbr_block_heading title=&#8220;Tickets&#8220; subheading=&#8220;TourismFastForward&#8220;][\/pbr_block_heading][\/vc_column][\/vc_row][vc_row css=&#8220;.vc_custom_1528184833006{padding-bottom: 100px !important;background-color: #ffffff !important;}&#8220;][vc_column][vc_raw_html]JTVCZWFzeS1wcmljaW5nLXRhYmxlJTIwaWQlM0QlMjI5NTM5JTIyJTVE[\/vc_raw_html][\/vc_column][\/vc_row][vc_row css=&#8220;.vc_custom_1517232371814{padding-top: 100px !important;padding-bottom: 100px !important;background-color: #f9f9f9 !important;}&#8220;][vc_column][pbr_block_heading title=&#8220;Vortragende&#8220; subheading=&#8220;TourismFastForward&#8220;][\/pbr_block_heading][pbr_speakers_grid number=&#8220;20&#8243; columns=&#8220;3&#8243; style=&#8220;style-2&#8243;][\/vc_column][\/vc_row][vc_row css=&#8220;.vc_custom_1517232420379{padding-top: 100px !important;padding-bottom: 100px !important;background-color: #ffffff !important;}&#8220;][vc_column][pbr_block_heading title=&#8220;Wer ist mit dabei?&#8220; subheading=&#8220;TourismFastForward&#8220; descript=&#8220;Whether you are looking for a high-level feature overview or seeking a more detailed discussion, the 2015 Conference Agenda offers something valuable for everyone. The agenda includes more Hands-on and Ask the Expert personalized sessions, as well as a large variety of educational sessions for all of the Logos solutions. Additionally, there will be a series of labs allowing you to explore new software and enhancements and learn how to get more out of the programs you use today.&#8220; icon=&#8220;&#8220;]Zu den G\u00e4sten und Vortragenden geh\u00f6ren Tourismusverb\u00e4nde, Tourismusdienstleister, Travel Technologie Anbieter, Hotels, Uni\u2019s\/FH\u2019s, Marketing, Consulting, IT-Experten sowie Gesch\u00e4ftsf\u00fchrer und Mitarbeiter von Tourismusbetrieben.[\/pbr_block_heading][vc_row_inner css=&#8220;.vc_custom_1516960345637{padding-bottom: 100px !important;}&#8220;][vc_column_inner][\/vc_column_inner][\/vc_row_inner][pbr_block_heading title=&#8220;Meine Vorteile:&#8220; subheading=&#8220;TourismFastForward&#8220; descript=&#8220;Whether you are looking for a high-level feature overview or seeking a more detailed discussion, the 2015 Conference Agenda offers something valuable for everyone. The agenda includes more Hands-on and Ask the Expert personalized sessions, as well as a large variety of educational sessions for all of the Logos solutions. Additionally, there will be a series of labs allowing you to explore new software and enhancements and learn how to get more out of the programs you use today.&#8220; icon=&#8220;&#8220;][\/pbr_block_heading][vc_row_inner][vc_column_inner width=&#8220;1\/3&#8243;][pbr_block_heading descript=&#8220;Whether you are looking for a high-level feature overview or seeking a more detailed discussion, the 2015 Conference Agenda offers something valuable for everyone. The agenda includes more Hands-on and Ask the Expert personalized sessions, as well as a large variety of educational sessions for all of the Logos solutions. Additionally, there will be a series of labs allowing you to explore new software and enhancements and learn how to get more out of the programs you use today.&#8220; icon=&#8220;&#8220;]Vortr\u00e4ge von bekanten und unbekannten, innovativen Unternehmen wie Booking.com, IBM, airbnb, TripAdvisor, twitter, Google sowie Touristische Use-Cases stehen jedes Jahr am Programm.[\/pbr_block_heading][pbr_block_heading descript=&#8220;Whether you are looking for a high-level feature overview or seeking a more detailed discussion, the 2015 Conference Agenda offers something valuable for everyone. The agenda includes more Hands-on and Ask the Expert personalized sessions, as well as a large variety of educational sessions for all of the Logos solutions. Additionally, there will be a series of labs allowing you to explore new software and enhancements and learn how to get more out of the programs you use today.&#8220; icon=&#8220;&#8220;]TourismFastForward vernetzt, inspiriert und f\u00f6rdert Teamwork und Dialog zwischen Branchenexperten.[\/pbr_block_heading][\/vc_column_inner][vc_column_inner width=&#8220;1\/3&#8243;][pbr_block_heading descript=&#8220;Whether you are looking for a high-level feature overview or seeking a more detailed discussion, the 2015 Conference Agenda offers something valuable for everyone. The agenda includes more Hands-on and Ask the Expert personalized sessions, as well as a large variety of educational sessions for all of the Logos solutions. Additionally, there will be a series of labs allowing you to explore new software and enhancements and learn how to get more out of the programs you use today.&#8220; icon=&#8220;&#8220;]Experten und Unternehmen pr\u00e4sentieren neueste Trends, Technologien und Innovationen.[\/pbr_block_heading][pbr_block_heading descript=&#8220;Whether you are looking for a high-level feature overview or seeking a more detailed discussion, the 2015 Conference Agenda offers something valuable for everyone. The agenda includes more Hands-on and Ask the Expert personalized sessions, as well as a large variety of educational sessions for all of the Logos solutions. Additionally, there will be a series of labs allowing you to explore new software and enhancements and learn how to get more out of the programs you use today.&#8220; icon=&#8220;&#8220;]Im Mittelpunkt steht dieses Jahr die &#8222;smarte Destination&#8220;[\/pbr_block_heading][\/vc_column_inner][vc_column_inner width=&#8220;1\/3&#8243;][pbr_block_heading descript=&#8220;Whether you are looking for a high-level feature overview or seeking a more detailed discussion, the 2015 Conference Agenda offers something valuable for everyone. The agenda includes more Hands-on and Ask the Expert personalized sessions, as well as a large variety of educational sessions for all of the Logos solutions. Additionally, there will be a series of labs allowing you to explore new software and enhancements and learn how to get more out of the programs you use today.&#8220; icon=&#8220;&#8220;]Der Tourismus der Zukunft muss wettbewerbsf\u00e4hig, nachhaltig und vernetzt bleiben.[\/pbr_block_heading][pbr_block_heading descript=&#8220;Whether you are looking for a high-level feature overview or seeking a more detailed discussion, the 2015 Conference Agenda offers something valuable for everyone. The agenda includes more Hands-on and Ask the Expert personalized sessions, as well as a large variety of educational sessions for all of the Logos solutions. Additionally, there will be a series of labs allowing you to explore new software and enhancements and learn how to get more out of the programs you use today.&#8220; icon=&#8220;&#8220;]Wie immer steht das Netzwerken, praxisnahe Fallstudien sowie interdisziplin\u00e4rer Gedankenaustausch im Fokus der Veranstaltung.[\/pbr_block_heading][\/vc_column_inner][\/vc_row_inner][\/vc_column][\/vc_row][vc_row css=&#8220;.vc_custom_1517310317600{margin-bottom: 0px !important;padding-top: 100px !important;padding-right: 100px !important;padding-left: 100px !important;background-color: #f9f9f9 !important;background-position: center !important;background-repeat: no-repeat !important;background-size: contain !important;}&#8220;][vc_column][pbr_block_heading title=&#8220;Programm&#8220; subheading=&#8220;TourismFastForward&#8220;][\/pbr_block_heading][\/vc_column][\/vc_row][vc_row css=&#8220;.vc_custom_1522245918721{background-color: #f9f9f9 !important;background-position: center !important;background-repeat: no-repeat !important;background-size: contain !important;}&#8220;][vc_column][pbr_singleevent_schedule layout_type=&#8220;tabs&#8220; title=&#8220;Programm&#8220;][\/vc_column][vc_column_text]<\/p>\n<p>Weitere Details folgen im Laufe Februar \/ M\u00e4rz \u2013 Ank\u00fcndigungen \u00fcber neue Speaker\/Vortr\u00e4ge auch via Facebook<\/p>\n<p>[\/vc_column_text][\/vc_row][vc_row css=&#8220;.vc_custom_1527493141781{padding-top: 100px !important;padding-bottom: 50px !important;}&#8220;][vc_column][pbr_block_heading title=&#8220;Sponsoren &amp; Netzwerkpartner&#8220; subheading=&#8220;TourismFastForward&#8220;]Diese TOP-Unternehmen unterst\u00fctzen die Konferenz! Wir bedanken uns herzlich![\/pbr_block_heading][vc_row_inner css=&#8220;.vc_custom_1516972054765{padding-top: 100px !important;padding-bottom: 50px !important;}&#8220;][vc_column_inner width=&#8220;1\/4&#8243;][vc_single_image image=&#8220;9649&#8243; alignment=&#8220;center&#8220; onclick=&#8220;custom_link&#8220; img_link_target=&#8220;_blank&#8220; link=&#8220;https:\/\/www.tirolwerbung.at\/&#8220;][\/vc_column_inner][vc_column_inner width=&#8220;1\/4&#8243;][vc_single_image image=&#8220;9647&#8243; alignment=&#8220;center&#8220; onclick=&#8220;custom_link&#8220; img_link_target=&#8220;_blank&#8220; link=&#8220;https:\/\/www.standort-tirol.at\/&#8220;][\/vc_column_inner][vc_column_inner width=&#8220;1\/4&#8243;][vc_single_image image=&#8220;9642&#8243; img_size=&#8220;&#8220; add_caption=&#8220;yes&#8220; onclick=&#8220;custom_link&#8220; img_link_target=&#8220;_blank&#8220; link=&#8220;https:\/\/www.efre.gv.at\/&#8220;][\/vc_column_inner][vc_column_inner width=&#8220;1\/4&#8243;][vc_single_image image=&#8220;10185&#8243; onclick=&#8220;custom_link&#8220; img_link_target=&#8220;_blank&#8220; link=&#8220;https:\/\/www.oehv.at\/&#8220;][\/vc_column_inner][\/vc_row_inner][vc_row_inner css=&#8220;.vc_custom_1516972054765{padding-top: 100px !important;padding-bottom: 50px !important;}&#8220;][vc_column_inner width=&#8220;1\/4&#8243;][vc_single_image image=&#8220;10744&#8243; img_size=&#8220;&#8220; add_caption=&#8220;yes&#8220; onclick=&#8220;custom_link&#8220; img_link_target=&#8220;_blank&#8220; link=&#8220;https:\/\/www.europaeische.at\/&#8220;][\/vc_column_inner][vc_column_inner width=&#8220;1\/4&#8243;][vc_single_image image=&#8220;10189&#8243; img_size=&#8220;&#8220; add_caption=&#8220;yes&#8220; onclick=&#8220;custom_link&#8220; img_link_target=&#8220;_blank&#8220; link=&#8220;http:\/\/www.ttg.at\/&#8220;][\/vc_column_inner][vc_column_inner width=&#8220;1\/4&#8243;][vc_single_image image=&#8220;10881&#8243; onclick=&#8220;custom_link&#8220; img_link_target=&#8220;_blank&#8220; link=&#8220;http:\/\/a1.net&#8220;][\/vc_column_inner][vc_column_inner width=&#8220;1\/4&#8243;][vc_single_image image=&#8220;10188&#8243; add_caption=&#8220;yes&#8220; onclick=&#8220;custom_link&#8220; img_link_target=&#8220;_blank&#8220; link=&#8220;http:\/\/www.ttg.at\/&#8220; css=&#8220;.vc_custom_1582634574204{border-radius: 5px !important;}&#8220;][\/vc_column_inner][\/vc_row_inner][vc_row_inner css=&#8220;.vc_custom_1516972054765{padding-top: 100px !important;padding-bottom: 50px !important;}&#8220;][vc_column_inner width=&#8220;1\/4&#8243;][vc_single_image image=&#8220;9646&#8243; img_size=&#8220;&#8220; add_caption=&#8220;yes&#8220; onclick=&#8220;custom_link&#8220; img_link_target=&#8220;_blank&#8220; link=&#8220;https:\/\/www.sti-innsbruck.at\/&#8220;][\/vc_column_inner][vc_column_inner width=&#8220;1\/4&#8243;][vc_single_image image=&#8220;9641&#8243; img_size=&#8220;&#8220; add_caption=&#8220;yes&#8220; alignment=&#8220;center&#8220; onclick=&#8220;custom_link&#8220; img_link_target=&#8220;_blank&#8220; link=&#8220;http:\/\/www.europahaus.at\/&#8220;][\/vc_column_inner][vc_column_inner width=&#8220;1\/4&#8243;][vc_single_image image=&#8220;9645&#8243; img_size=&#8220;&#8220; add_caption=&#8220;yes&#8220; alignment=&#8220;center&#8220; onclick=&#8220;custom_link&#8220; img_link_target=&#8220;_blank&#8220; link=&#8220;https:\/\/www.mayrhofen.at\/&#8220;][\/vc_column_inner][vc_column_inner width=&#8220;1\/4&#8243;][vc_single_image image=&#8220;9644&#8243; img_size=&#8220;&#8220; add_caption=&#8220;yes&#8220; alignment=&#8220;right&#8220; onclick=&#8220;custom_link&#8220; img_link_target=&#8220;_blank&#8220; link=&#8220;https:\/\/www.uibk.ac.at\/&#8220;][\/vc_column_inner][\/vc_row_inner][\/vc_column][\/vc_row][vc_row css=&#8220;.vc_custom_1517304907589{padding-top: 100px !important;}&#8220;][vc_column][vc_column_inner width=&#8220;1\/4&#8243;][\/vc_column_inner][pbr_block_heading title=&#8220;Kontakt &amp; Adresse&#8220; subheading=&#8220;Bei uns landen Ihre Fragen nicht im Nirvana. Wir freuen uns auf Ihren Anruf + Email + Besuch!&#8220;][\/pbr_block_heading][\/vc_column][\/vc_row][vc_row][vc_column][vc_single_image image=&#8220;10236&#8243; img_size=&#8220;&#8220; alignment=&#8220;center&#8220;][vc_column_text]<\/p>\n<div class=\"speaker-col\" style=\"text-align: center;\">\n<div class=\"speaker\">\n<h3 class=\"name\">Elisabeth Monai<\/h3>\n<p class=\"text-alt\"><small>Congress Zillertal, Europahaus Mayrhofen<\/small><\/p>\n<p><a href=\"http:\/\/www.europahaus.at\/\" target=\"_blank\" rel=\"noopener noreferrer\">www.<b>europahaus<\/b>.at<\/a><br \/>\n<a href=\"mailto:office@europahaus.at\">office@europahaus.at<\/a><br \/>\nKonferenz-Hotline: + 43 5285 6750<br \/>\nEuropahaus Mayrhofen, Zillertal, Tirol<br \/>\nDurster Str. 225, 6290 Mayrhofen<\/p>\n<\/div>\n<\/div>\n<p>[\/vc_column_text][vc_raw_js]JTNDc2NyaXB0JTIwdHlwZSUzRCUyN2FwcGxpY2F0aW9uJTJGbGQlMkJqc29uJTI3JTNFJTIwJTBBJTdCJTBBJTIwJTIwJTIyJTQwY29udGV4dCUyMiUzQSUyMCUyMmh0dHAlM0ElMkYlMkZ3d3cuc2NoZW1hLm9yZyUyMiUyQyUwQSUyMCUyMCUyMiU0MHR5cGUlMjIlM0ElMjAlMjJFdmVudCUyMiUyQyUwQSUyMCUyMCUyMm5hbWUlMjIlM0ElMjAlMjJUb3VyaXNtZmFzdGZvcndhcmQlMjAyMDIwJTIyJTJDJTBBJTIwJTIwJTIydXJsJTIyJTNBJTIwJTIyaHR0cCUzQSUyRiUyRnd3dy50b3VyaXNtZmFzdGZvcndhcmQuY29tJTJGMjAyMCUyRiUyMiUyQyUwQSUyMCUyMCUyMmltYWdlJTIyJTNBJTIwJTIyaHR0cHMlM0ElMkYlMkZ0b3VyaXNtZmFzdGZvcndhcmQuY29tJTJGMjAyMCUyRndwLWNvbnRlbnQlMkZ1cGxvYWRzJTJGMjAyMCUyRjAxJTJGVEZGYy0zLnBuZyUyMiUyQyUwQSUyMCUyMCUyMmRlc2NyaXB0aW9uJTIyJTNBJTIwJTIyRGllJTIwS29uZmVyZW56JTIwZiVDMyVCQ3IlMjBpbm5vdmF0aXZlJTIwVGVjaG5vbG9naWVuJTIwaW0lMjBUb3VyaXNtdXMuJTIyJTJDJTBBJTIwJTIwJTIyc3RhcnREYXRlJTIyJTNBJTIwJTIyMjAyMC0wNS0xMlQxMCUzQTAwJTIyJTJDJTBBJTIwJTIwJTIyZW5kRGF0ZSUyMiUzQSUyMCUyMjIwMjAtMDUtMTNUMTYlM0EwMCUyMiUyQyUwQSUyMCUyMCUyMmxvY2F0aW9uJTIyJTNBJTIwJTdCJTBBJTIwJTIwJTIwJTIwJTIyJTQwdHlwZSUyMiUzQSUyMCUyMlBsYWNlJTIyJTJDJTBBJTIwJTIwJTIwJTIwJTIybmFtZSUyMiUzQSUyMCUyMkNvbmdyZXNzJTIwWmlsbGVydGFsJTIwLSUyMEV1cm9wYWhhdXMlMjBNYXlyaG9mZW4lMjIlMkMlMEElMjAlMjAlMjAlMjAlMjJzYW1lQXMlMjIlM0ElMjAlMjJodHRwJTNBJTJGJTJGd3d3LmV1cm9wYWhhdXMuYXQlMkYlMjIlMkMlMEElMjAlMjAlMjAlMjAlMjJhZGRyZXNzJTIyJTNBJTIwJTdCJTBBJTIwJTIwJTIwJTIwJTIwJTIwJTIyJTQwdHlwZSUyMiUzQSUyMCUyMlBvc3RhbEFkZHJlc3MlMjIlMkMlMEElMjAlMjAlMjAlMjAlMjAlMjAlMjJzdHJlZXRBZGRyZXNzJTIyJTNBJTIwJTIyRHVyc3RlciUyMFN0ci4lMjAyMjUlMjAlMjIlMkMlMEElMjAlMjAlMjAlMjAlMjAlMjAlMjJhZGRyZXNzTG9jYWxpdHklMjIlM0ElMjAlMjJNYXlyaG9mZW4lMjIlMkMlMEElMjAlMjAlMjAlMjAlMjAlMjAlMjJhZGRyZXNzUmVnaW9uJTIyJTNBJTIwJTIyVGlyb2wlMjIlMkMlMEElMjAlMjAlMjAlMjAlMjAlMjAlMjJwb3N0YWxDb2RlJTIyJTNBJTIwJTIyNjI5MCUyMiUyQyUwQSUyMCUyMCUyMCUyMCUyMCUyMCUyMmFkZHJlc3NDb3VudHJ5JTIyJTNBJTIwJTIyQXVzdHJpYSUyMiUwQSUyMCUyMCUyMCUyMCU3RCUwQSUyMCUyMCU3RCUyQyUwQSUyMCUyMCUyMm9mZmVycyUyMiUzQSUyMCU3QiUwQSUyMCUyMCUyMCUyMCUyMiU0MHR5cGUlMjIlM0ElMjAlMjJPZmZlciUyMiUyQyUwQSUyMCUyMCUyMCUyMCUyMmRlc2NyaXB0aW9uJTIyJTNBJTIwJTIyU3RhbmRhcmQlMjIlMkMlMEElMjAlMjAlMjAlMjAlMjJ1cmwlMjIlM0ElMjAlMjJodHRwcyUzQSUyRiUyRnRvdXJpc21mYXN0Zm9yd2FyZC5jb20lMkYyMDIwJTJGc3RhbmRhcmQtdGlja2V0JTJGJTIyJTJDJTBBJTIwJTIwJTIwJTIwJTIycHJpY2UlMjIlM0ElMjAlMjIyNDklMjIlMEElMjAlMjAlN0QlMEElN0QlMEElMjAlM0MlMkZzY3JpcHQlM0U=[\/vc_raw_js][\/vc_column][\/vc_row]<\/p>\n","protected":false},"excerpt":{"rendered":"<p>[vc_row parallax=&#8220;1&#8243; parallax_image=&#8220;9251&#8243; css_animation=&#8220;bounceInRight&#8220; css=&#8220;.vc_custom_1516700481826{padding-top: 175px !important;padding-bottom: 75px !important;}&#8220;][vc_column width=&#8220;2\/3&#8243; css=&#8220;.vc_custom_1450777042365{padding-top: 30px !important;}&#8220;][vc_custom_heading text=&#8220;Tourism Fast Forward 2020&#8243; font_container=&#8220;tag:h1|font_size:68|text_align:left|color:%23ffffff&#8220; use_theme_fonts=&#8220;yes&#8220; css_animation=&#8220;none&#8220; css=&#8220;.vc_custom_1622449727205{margin-top: 0px !important;border-top-width: 0px !important;padding-top: 0px !important;}&#8220;][vc_row_inner][vc_column_inner][vc_custom_heading text=&#8220;VERSCHOBEN auf 06. &#8211; 07. Oktober 2021!! Infos zum TFF2021 finden Sie unter: www.tourismfastforward.com\/2021&#8243; font_container=&#8220;tag:h2|font_size:36|text_align:left|color:%23ff0c0c&#8220; use_theme_fonts=&#8220;yes&#8220; css_animation=&#8220;none&#8220; css=&#8220;.vc_custom_1622449875166{margin-left: 0px !important;border-left-width: 0px !important;padding-left: 0px !important;}&#8220; link=&#8220;url:https%3A%2F%2Fwww.tourismfastforward.com%2F2021|title:Infos%20zum%20TFF2021%20finden%20Sie%20hier!||&#8220;][pbr_contact_information address=&#8220;Europahaus Mayrhofen, Zillertal&#8220;][\/pbr_contact_information][\/vc_column_inner][\/vc_row_inner][vc_btn &hellip; <a href=\"https:\/\/www.tourismfastforward.com\/2020\/\" class=\"more-link\">Continue reading <span class=\"meta-nav\">&rarr;<\/span><span class=\"screen-reader-text\">Home<\/span> <\/a><\/p>\n","protected":false},"author":2,"featured_media":0,"parent":0,"menu_order":0,"comment_status":"closed","ping_status":"closed","template":"page-templates\/full-width.php","meta":{"footnotes":""},"class_list":["post-7039","page","type-page","status-publish","hentry"],"yoast_head":"<!-- This site is optimized with the Yoast SEO plugin v27.5 - https:\/\/yoast.com\/product\/yoast-seo-wordpress\/ -->\n<title>Tourism Fast Forward 2020 | Die Konferenz f\u00fcr innovative Technologien im Tourismus<\/title>\n<meta name=\"description\" content=\"Tourism Fast Forward 2020 | 12th - 13th Mai 2020 Europahaus Mayrhofen, Zillertal | Main Topic 2020: Smart Data in Tourism | Interaktiver-Workshop | Block-chain | Best-Practise | Praxis-Workshop |\" \/>\n<meta name=\"robots\" content=\"index, follow, max-snippet:-1, max-image-preview:large, max-video-preview:-1\" \/>\n<link rel=\"canonical\" href=\"https:\/\/www.tourismfastforward.com\/2020\/\" \/>\n<meta property=\"og:locale\" content=\"de_DE\" \/>\n<meta property=\"og:type\" content=\"article\" \/>\n<meta property=\"og:title\" content=\"Tourism Fast Forward 2020 | Die Konferenz f\u00fcr innovative Technologien im Tourismus\" \/>\n<meta property=\"og:description\" content=\"Tourism Fast Forward 2020 | 12th - 13th Mai 2020 Europahaus Mayrhofen, Zillertal | Main Topic 2020: Smart Data in Tourism | Interaktiver-Workshop | Block-chain | Best-Practise | Praxis-Workshop |\" \/>\n<meta property=\"og:url\" content=\"https:\/\/www.tourismfastforward.com\/2020\/\" \/>\n<meta property=\"og:site_name\" content=\"Die Konferenz f\u00fcr innovative Technologien im Tourismus\" \/>\n<meta property=\"article:modified_time\" content=\"2022-06-28T09:33:31+00:00\" \/>\n<meta name=\"twitter:card\" content=\"summary_large_image\" \/>\n<meta name=\"twitter:label1\" content=\"Gesch\u00e4tzte Lesezeit\" \/>\n\t<meta name=\"twitter:data1\" content=\"5\u00a0Minuten\" \/>\n<script type=\"application\/ld+json\" class=\"yoast-schema-graph\">{\"@context\":\"https:\\\/\\\/schema.org\",\"@graph\":[{\"@type\":\"WebPage\",\"@id\":\"https:\\\/\\\/www.tourismfastforward.com\\\/2020\\\/\",\"url\":\"https:\\\/\\\/www.tourismfastforward.com\\\/2020\\\/\",\"name\":\"Tourism Fast Forward 2020 | Die Konferenz f\u00fcr innovative Technologien im Tourismus\",\"isPartOf\":{\"@id\":\"https:\\\/\\\/www.tourismfastforward.com\\\/2020\\\/#website\"},\"datePublished\":\"2015-06-17T07:46:59+00:00\",\"dateModified\":\"2022-06-28T09:33:31+00:00\",\"description\":\"Tourism Fast Forward 2020 | 12th - 13th Mai 2020 Europahaus Mayrhofen, Zillertal | Main Topic 2020: Smart Data in Tourism | Interaktiver-Workshop | Block-chain | Best-Practise | Praxis-Workshop |\",\"breadcrumb\":{\"@id\":\"https:\\\/\\\/www.tourismfastforward.com\\\/2020\\\/#breadcrumb\"},\"inLanguage\":\"de\",\"potentialAction\":[{\"@type\":\"ReadAction\",\"target\":[\"https:\\\/\\\/www.tourismfastforward.com\\\/2020\\\/\"]}]},{\"@type\":\"BreadcrumbList\",\"@id\":\"https:\\\/\\\/www.tourismfastforward.com\\\/2020\\\/#breadcrumb\",\"itemListElement\":[{\"@type\":\"ListItem\",\"position\":1,\"name\":\"Startseite\",\"item\":\"https:\\\/\\\/www.tourismfastforward.com\\\/2020\\\/\"},{\"@type\":\"ListItem\",\"position\":2,\"name\":\"Home\"}]},{\"@type\":\"WebSite\",\"@id\":\"https:\\\/\\\/www.tourismfastforward.com\\\/2020\\\/#website\",\"url\":\"https:\\\/\\\/www.tourismfastforward.com\\\/2020\\\/\",\"name\":\"Die Konferenz f\u00fcr innovative Technologien im Tourismus\",\"description\":\"Tourism Fast Forward 2020\",\"potentialAction\":[{\"@type\":\"SearchAction\",\"target\":{\"@type\":\"EntryPoint\",\"urlTemplate\":\"https:\\\/\\\/www.tourismfastforward.com\\\/2020\\\/?s={search_term_string}\"},\"query-input\":{\"@type\":\"PropertyValueSpecification\",\"valueRequired\":true,\"valueName\":\"search_term_string\"}}],\"inLanguage\":\"de\"}]}<\/script>\n<!-- \/ Yoast SEO plugin. -->","yoast_head_json":{"title":"Tourism Fast Forward 2020 | Die Konferenz f\u00fcr innovative Technologien im Tourismus","description":"Tourism Fast Forward 2020 | 12th - 13th Mai 2020 Europahaus Mayrhofen, Zillertal | Main Topic 2020: Smart Data in Tourism | Interaktiver-Workshop | Block-chain | Best-Practise | Praxis-Workshop |","robots":{"index":"index","follow":"follow","max-snippet":"max-snippet:-1","max-image-preview":"max-image-preview:large","max-video-preview":"max-video-preview:-1"},"canonical":"https:\/\/www.tourismfastforward.com\/2020\/","og_locale":"de_DE","og_type":"article","og_title":"Tourism Fast Forward 2020 | Die Konferenz f\u00fcr innovative Technologien im Tourismus","og_description":"Tourism Fast Forward 2020 | 12th - 13th Mai 2020 Europahaus Mayrhofen, Zillertal | Main Topic 2020: Smart Data in Tourism | Interaktiver-Workshop | Block-chain | Best-Practise | Praxis-Workshop |","og_url":"https:\/\/www.tourismfastforward.com\/2020\/","og_site_name":"Die Konferenz f\u00fcr innovative Technologien im Tourismus","article_modified_time":"2022-06-28T09:33:31+00:00","twitter_card":"summary_large_image","twitter_misc":{"Gesch\u00e4tzte Lesezeit":"5\u00a0Minuten"},"schema":{"@context":"https:\/\/schema.org","@graph":[{"@type":"WebPage","@id":"https:\/\/www.tourismfastforward.com\/2020\/","url":"https:\/\/www.tourismfastforward.com\/2020\/","name":"Tourism Fast Forward 2020 | Die Konferenz f\u00fcr innovative Technologien im Tourismus","isPartOf":{"@id":"https:\/\/www.tourismfastforward.com\/2020\/#website"},"datePublished":"2015-06-17T07:46:59+00:00","dateModified":"2022-06-28T09:33:31+00:00","description":"Tourism Fast Forward 2020 | 12th - 13th Mai 2020 Europahaus Mayrhofen, Zillertal | Main Topic 2020: Smart Data in Tourism | Interaktiver-Workshop | Block-chain | Best-Practise | Praxis-Workshop |","breadcrumb":{"@id":"https:\/\/www.tourismfastforward.com\/2020\/#breadcrumb"},"inLanguage":"de","potentialAction":[{"@type":"ReadAction","target":["https:\/\/www.tourismfastforward.com\/2020\/"]}]},{"@type":"BreadcrumbList","@id":"https:\/\/www.tourismfastforward.com\/2020\/#breadcrumb","itemListElement":[{"@type":"ListItem","position":1,"name":"Startseite","item":"https:\/\/www.tourismfastforward.com\/2020\/"},{"@type":"ListItem","position":2,"name":"Home"}]},{"@type":"WebSite","@id":"https:\/\/www.tourismfastforward.com\/2020\/#website","url":"https:\/\/www.tourismfastforward.com\/2020\/","name":"Die Konferenz f\u00fcr innovative Technologien im Tourismus","description":"Tourism Fast Forward 2020","potentialAction":[{"@type":"SearchAction","target":{"@type":"EntryPoint","urlTemplate":"https:\/\/www.tourismfastforward.com\/2020\/?s={search_term_string}"},"query-input":{"@type":"PropertyValueSpecification","valueRequired":true,"valueName":"search_term_string"}}],"inLanguage":"de"}]}},"_links":{"self":[{"href":"https:\/\/www.tourismfastforward.com\/2020\/wp-json\/wp\/v2\/pages\/7039","targetHints":{"allow":["GET"]}}],"collection":[{"href":"https:\/\/www.tourismfastforward.com\/2020\/wp-json\/wp\/v2\/pages"}],"about":[{"href":"https:\/\/www.tourismfastforward.com\/2020\/wp-json\/wp\/v2\/types\/page"}],"author":[{"embeddable":true,"href":"https:\/\/www.tourismfastforward.com\/2020\/wp-json\/wp\/v2\/users\/2"}],"replies":[{"embeddable":true,"href":"https:\/\/www.tourismfastforward.com\/2020\/wp-json\/wp\/v2\/comments?post=7039"}],"version-history":[{"count":241,"href":"https:\/\/www.tourismfastforward.com\/2020\/wp-json\/wp\/v2\/pages\/7039\/revisions"}],"predecessor-version":[{"id":10980,"href":"https:\/\/www.tourismfastforward.com\/2020\/wp-json\/wp\/v2\/pages\/7039\/revisions\/10980"}],"wp:attachment":[{"href":"https:\/\/www.tourismfastforward.com\/2020\/wp-json\/wp\/v2\/media?parent=7039"}],"curies":[{"name":"wp","href":"https:\/\/api.w.org\/{rel}","templated":true}]}}