{"id":2490,"date":"2015-07-20T23:23:07","date_gmt":"2015-07-20T21:23:07","guid":{"rendered":"http:\/\/www.tourismfastforward.com\/2016\/?p=2490"},"modified":"2016-09-06T15:50:31","modified_gmt":"2016-09-06T13:50:31","slug":"vortragende","status":"publish","type":"page","link":"https:\/\/www.tourismfastforward.com\/2016\/vortragende\/","title":{"rendered":"Vortragende"},"content":{"rendered":"<p><img loading=\"lazy\" decoding=\"async\" class=\"size-full wp-image-4215 alignnone\" title=\"\" src=\"http:\/\/www.tourismfastforward.com\/2016\/wp-content\/uploads\/2016\/03\/Michael-Brandl.jpg\" alt=\"Michael-Brandl\" width=\"220\" height=\"220\" \/><\/p>\n<p><strong><span style=\"font-family: arial black,avant garde; font-size: 20pt;\">MICHAEL\u00a0BRANDL<\/span><\/strong><br \/>\n<strong><span style=\"line-height: 1; font-family: arial black,avant garde; font-size: 12pt;\">Tirol Werbung<\/span><\/strong><\/p>\n<p><span style=\"font-family: arial,helvetica,sans-serif;\"><span style=\"font-size: 12pt;\">Dr. Michael Brandl ist stellvertretender Direktor und Prokurist der Tirol Werbung GmbH mit den Schwerpunkten Strategie- &amp; Business-Development, HR, Recht, Controlling, touristische Marktforschung, allgemeine Tourismusentwicklung und Betreuung strategischer Partnerschaften.<\/span><\/span><\/p>\n<p><span style=\"font-size: 16px;\"><a href=\"http:\/\/de.slideshare.net\/TourismFastForward\/tff2016-michael-brandl-die-psi-richtlinien-und-ihre-umsetzung-in-nationals-recht\" target=\"_blank\"><strong>Link zum Vortrag<\/strong><\/a><br \/>\n<a href=\"https:\/\/www.youtube.com\/watch?v=4yTiJecXF1Q\" target=\"_blank\"><strong>Link zum Video<\/strong><\/a><\/span><\/p>\n<hr \/>\n<p><img loading=\"lazy\" decoding=\"async\" class=\"size-full wp-image-4217 alignnone\" title=\"\" src=\"http:\/\/www.tourismfastforward.com\/2016\/wp-content\/uploads\/2016\/03\/Roman-Egger.jpg\" alt=\"Roman-Egger\" width=\"220\" height=\"220\" \/><\/p>\n<p><strong><span style=\"font-family: arial black,avant garde; font-size: 20pt;\">ROMAN\u00a0EGGER<\/span><\/strong><br \/>\n<strong><span style=\"line-height: 1; font-family: arial black,avant garde; font-size: 12pt;\">Fachhochschule Salzburg<\/span><\/strong><\/p>\n<p style=\"text-align: justify;\"><span style=\"font-family: arial,helvetica,sans-serif;\"><span style=\"font-size: 12pt;\">Roman Egger (Dr. phil.) ist Professor am Studiengang\u00a0<\/span><span style=\"font-size: 12pt;\">&#8220;Innovation and Management in Tourism&#8221;\u00a0der\u00a0<\/span><span style=\"font-size: 12pt;\">Fachhochschule Salzburg und Fachbereichsleiter\u00a0<\/span><span style=\"font-size: 12pt;\">f\u00fcr eTourism. Egger forscht schwerpunktm\u00e4\u00dfig zum\u00a0<\/span><span style=\"font-size: 12pt;\">Spannungsverh\u00e4ltnis zwischen Informations- und\u00a0<\/span><span style=\"font-size: 12pt;\">Kommunikationstechnologien und deren Anwendung\u00a0<\/span><span style=\"font-size: 12pt;\">und Akzeptanz im Tourismus. Er hat zahlreiche Beitr\u00e4ge\u00a0in\u00a0internationalen Journalen publiziert, bislang 14\u00a0B\u00fccher herausgegeben, ist Mitherausgeber der\u00a0&#8220;Zeitschrift f\u00fcr Tourismuswissenschaft&#8221; und Mitglied\u00a0von IFITT, DGOF, DGT und AIEST.<\/span><\/span><\/p>\n<p dir=\"rtl\" style=\"text-align: left;\"><span style=\"font-size: 16px;\"><a href=\"http:\/\/de.slideshare.net\/TourismFastForward\/mobility-in-der-customer-journey\" target=\"_blank\"><strong>Link zum Vortrag<\/strong><\/a><br \/>\n<a href=\"https:\/\/www.youtube.com\/watch?v=aYRn6xkBhj0\" target=\"_blank\"><strong>Link zum Video<\/strong><\/a><\/span><\/p>\n<hr \/>\n<p><img loading=\"lazy\" decoding=\"async\" class=\"size-full wp-image-4217 alignnone\" style=\"width: 220px; height: 241px;\" title=\"\" src=\"http:\/\/www.tourismfastforward.com\/2016\/wp-content\/uploads\/2015\/04\/elias_k\u00e4rle_head_small.jpg\" alt=\"Elias Karle\" width=\"531\" height=\"581\" \/><\/p>\n<p><strong><span style=\"font-family: arial black,avant garde; font-size: 20pt;\">ELIAS\u00a0K\u00c4RLE<\/span><\/strong><br \/>\n<strong><span style=\"line-height: 1; font-family: arial black,avant garde; font-size: 12pt;\">Universit\u00e4t Innsbruck<\/span><\/strong><\/p>\n<p style=\"text-align: justify;\"><span style=\"font-family: arial,helvetica,sans-serif;\"><span style=\"font-size: 12pt;\">Nach mehrj\u00e4hriger T\u00e4tigkeit als Softwareentwickler f\u00fcr mobile Anwendungen im Bereich eTourismus arbeitet Elias K\u00e4rle als wissenschaftlicher Mitarbeiter am STI der Universit\u00e4t Innsbruck. Im Rahmen seiner Doktorarbeit erforscht er unter anderem die Verbreitung semantischer Technologien auf touristischen Webseiten und deren Auswirkung auf das Buchungsverhalten, so wie die Entwicklung schema.org basierter Buchungsm\u00f6glichkeiten. In seinem Vortrag geht er der Frage nach inwieweit semantische Technologien die Webpr\u00e4senz von Beherbergungsbetrieben beeinflussen und wie schema.org online Buchungen ver\u00e4ndern wird.<\/span><\/span><\/p>\n<p dir=\"rtl\" style=\"text-align: left;\"><span style=\"font-size: 16px;\"><a href=\"http:\/\/de.slideshare.net\/TourismFastForward\/tff2016-elias-krle-schemaorg-im-tourismus\" target=\"_blank\"><strong>Link zum Vortrag<\/strong><\/a><br \/>\n<a href=\"https:\/\/www.youtube.com\/watch?v=lv5UhXwjAwQ\" target=\"_blank\"><strong>Link zum Video<\/strong><\/a><\/span><\/p>\n<hr \/>\n<p><img loading=\"lazy\" decoding=\"async\" class=\"size-full wp-image-4211 alignnone\" title=\"\" src=\"http:\/\/www.tourismfastforward.com\/2016\/wp-content\/uploads\/2016\/03\/Christian-Klingler.jpg\" alt=\"Christian-Klingler\" width=\"220\" height=\"220\" \/><\/p>\n<p><strong><span style=\"font-family: arial black,avant garde; font-size: 20pt;\">CHRISTIAN\u00a0KLINGLER<\/span><\/strong><br \/>\n<strong><span style=\"line-height: 1; font-family: arial black,avant garde; font-size: 12pt;\">Tirol Werbung<\/span><\/strong><\/p>\n<p style=\"text-align: justify;\"><span style=\"font-family: arial,helvetica,sans-serif;\"><span style=\"font-size: 12pt;\">Christian Klingler verantwortet den Geodatenbereich in der Tirol Werbung. In den letzten Jahren entwickelte sich die interaktive Karte \u2013 eingebettet in die Contentstrategie der Tirol Werbung \u2013 zu einem der meistgenutzten Bereiche auf der tirol.at. Zweiter Schwerpunkt seiner Arbeit sind Marketingsteuerung und Strategiecontrolling. Daneben arbeitet er an strategischen Projekten wie den neuen Top Level Domains und der Weiterentwicklung der Unternehmensstrategie.<\/span><\/span><\/p>\n<p dir=\"rtl\" style=\"text-align: left;\"><span style=\"font-size: 16px;\"><a href=\"http:\/\/de.slideshare.net\/TourismFastForward\/tff2016-christian-klingler-psirichtlinie-am-praktischen-beispiel-touuristischer-geo-content\" target=\"_blank\"><strong>Link zum Vortrag<\/strong><\/a><br \/>\n<a href=\"https:\/\/www.youtube.com\/watch?v=bZsoSZVbUTk\" target=\"_blank\"><strong>Link zum Video<\/strong><\/a><\/span><\/p>\n<hr \/>\n<p><img loading=\"lazy\" decoding=\"async\" class=\"size-full wp-image-4212 alignnone\" title=\"\" src=\"http:\/\/www.tourismfastforward.com\/2016\/wp-content\/uploads\/2016\/03\/Herwig-Kreidl.jpg\" alt=\"Herwig-Kreidl\" width=\"220\" height=\"220\" \/><\/p>\n<p><strong><span style=\"font-family: arial black,avant garde; font-size: 20pt;\">HERWIG\u00a0KREIDL<\/span><\/strong><br \/>\n<strong><span style=\"line-height: 1; font-family: arial black,avant garde; font-size: 12pt;\">Gesch\u00e4ftsf\u00fchrer netwerk Kreidl GmbH &amp; Co KG, Internet Werbeagentur<\/span><\/strong><\/p>\n<p style=\"text-align: justify;\"><span style=\"font-family: arial,helvetica,sans-serif;\"><span style=\"font-size: 12pt;\">Herwig Kreidl gr\u00fcndete 1999 die Internet Werbeagentur Netwerk. Netwerk besch\u00e4ftigt sich als solcher f\u00fcr anspruchsvolle und verkaufsaktive Websites. Netwerk ist eine Internet Werbeagentur f\u00fcr alle Brachen, jedoch mit einem starken Hang zum Tourismus. Herwig Kreidl ist dar\u00fcber hinaus Referent f\u00fcr die Themen Webdesign und Suchmaschinenoptimierung.<\/span><\/span><\/p>\n<p style=\"text-align: justify;\"><span style=\"font-size: 16px;\"><strong>Link zum Vortrag<\/strong><\/span><\/p>\n<hr \/>\n<p><strong><span style=\"font-family: arial black,avant garde; font-size: 20pt;\"><img loading=\"lazy\" decoding=\"async\" class=\"wp-image-3231 alignnone\" title=\"\" src=\"http:\/\/www.tourismfastforward.com\/2016\/wp-content\/uploads\/2015\/07\/Lanner.jpg\" alt=\"Lanner\" width=\"213\" height=\"213\" \/><\/span><\/strong><\/p>\n<p><strong><span style=\"font-family: arial black,avant garde; font-size: 20pt;\">REINHARD\u00a0LANNER<\/span><\/strong><br \/>\n<strong><span style=\"line-height: 1; font-family: arial black,avant garde; font-size: 12pt;\">Salzburger Land Tourismus Gesellschaft<\/span><\/strong><\/p>\n<p style=\"text-align: justify;\"><span style=\"font-family: arial,helvetica,sans-serif;\"><span style=\"font-size: 12pt;\">Reinhard Lanner ist Bereichsleiter \u201eDigital Media &amp; Online Marketing\u201c bei der Salzburger Land Tourismus Gesellschaft sowie Gesch\u00e4ftsf\u00fchrer von workersonthefield.com, einem Netzwerk zur Entwicklung und Management von inspirierenden Reise- und Freizeitformaten. Der aktuelle Schwerpunkt liegt in der Implementierung von Social Media Instrumenten als t\u00e4gliches Arbeitswerkzeug in DMOs und Tourismusunternehmen.\u00a0<\/span><span style=\"font-size: 12pt;\">Reinhard Lanner erhielt mehrere Marketing- und Tourismusinnovationspreise und wurde von der Salzburger Landesregierung als \u201eTourismusdirektor des Jahres\u201c ausgezeichnet. Als Lektor ist er an verschiedenen Bildungseinrichtungen in den Bereichen Storytelling, Onlinemarketing und Destinationsentwicklung t\u00e4tig.<\/span><\/span><\/p>\n<p dir=\"rtl\" style=\"text-align: left;\"><span style=\"font-size: 16px;\"><a href=\"http:\/\/de.slideshare.net\/TourismFastForward\/tff2016-reinhard-lanner-the-end-of-advertisment-as-we-know-it\" target=\"_blank\"><strong>Link zum Vortrag<\/strong><\/a><br \/>\n<a href=\"https:\/\/www.youtube.com\/watch?v=kXhD8mIkQVQ\" target=\"_blank\"><strong>Link zum Video<\/strong><\/a><\/span><\/p>\n<hr \/>\n<p><img loading=\"lazy\" decoding=\"async\" class=\"size-full wp-image-4213 alignnone\" title=\"\" src=\"http:\/\/www.tourismfastforward.com\/2016\/wp-content\/uploads\/2016\/03\/Johann-Reisinger.jpg\" alt=\"Johann-Reisinger\" width=\"220\" height=\"220\" \/><\/p>\n<p><strong><span style=\"font-family: arial black,avant garde; font-size: 20pt;\">JOHANN\u00a0REISINGER<\/span><\/strong><br \/>\n<strong><span style=\"line-height: 1; font-family: arial black,avant garde; font-size: 12pt;\">TTG<\/span><\/strong><\/p>\n<p style=\"text-align: justify;\"><span style=\"font-family: arial,helvetica,sans-serif;\"><span style=\"font-size: 12pt;\">Johann Reisinger ist seit zwei Jahren Gesch\u00e4ftsf\u00fchrer der in Linz, Ober\u00f6sterreich ans\u00e4ssigen TTG Tourismus Technologie GmbH.\u00a0Zuvor war \u00a0Reisinger CIO bei Intersport Austria und als Gesch\u00e4ftsf\u00fchrer von Sports World Online auch f\u00fcr das eBusiness der Gruppe zust\u00e4ndig.\u00a0Mit vollautomatisiertem Datenmanagement besch\u00e4ftigt sich Reisinger branchen\u00fcbergreifend schon seit den 1990er Jahren. \u00a0Damals vor allem im \u00a0Handel und der Industrie im Zusammenhang mit Prozessautomation als Gesch\u00e4ftsf\u00fchrer des Startups INFONIQA. Als ECR \u00d6sterreich Boardmember war Reisinger ab 2010 auch Pate und Leiter der Arbeitsgruppe \u201aExtended Packaging\u2018. Dort wurde der \u00a0Informationsgehalt f\u00fcr das Datenmanagement zwischen Handel und Industrie in Bezug auf konsumentenrelevante Produktinformationen f\u00fcr Onlineshops definiert. Auf dieser Basis wird heute der Stammdatenservice GS1Sync betrieben.<\/span><\/span><\/p>\n<p dir=\"rtl\" style=\"text-align: left;\"><span style=\"font-size: 16px;\"><a href=\"http:\/\/de.slideshare.net\/TourismFastForward\/tff2016-johann-reisinger-einsatz-eines-multimedialen-tourismus-datenmanagementsystems-am-beispiel-tourdata\" target=\"_blank\"><strong>Link zum Vortrag<\/strong><\/a><br \/>\n<a href=\"https:\/\/www.youtube.com\/watch?v=flSa2fb9a68\" target=\"_blank\"><strong>Link zum Video<\/strong><\/a><\/span><\/p>\n<hr \/>\n<p><img decoding=\"async\" class=\"size-full wp-image-4213 alignnone\" style=\"width: 220px; height: 220px;\" title=\"\" src=\"http:\/\/www.tourismfastforward.com\/2016\/wp-content\/uploads\/2016\/04\/csm_andreasreiter_web_98a831eb6a.jpg\" alt=\"Johann-Reisinger\" \/><\/p>\n<p><strong><span style=\"font-family: arial black,avant garde; font-size: 20pt;\">ANDREAS\u00a0REITER<\/span><\/strong><br \/>\n<strong><span style=\"line-height: 1; font-family: arial black,avant garde; font-size: 12pt;\">ZTB Zukunftsb\u00fcro<\/span><\/strong><\/p>\n<p style=\"text-align: justify;\"><span style=\"font-family: arial,helvetica,sans-serif;\"><span style=\"font-size: 12pt;\">Geboren in Innsbruck. Gewann nach dem Studium (Soziologie und Dolmetsch an der Universit\u00e4t Innsbruck und an der LMU in M\u00fcnchen) erste tiefe Einblicke in Fr\u00fcherkennungs-Modelle als Mitarbeiter der Bayerischen R\u00fcckversicherung, M\u00fcnchen. Gr\u00fcndete Ende 1996 das ZTB Zukunftsb\u00fcro in Wien. Seitdem Leiter des B\u00fcros, das Unternehmen, Kommunen, Destinationen und \u00d6ffentliche Institutionen im deutschsprachigen Raum bei strategischen Zukunftsfragen, strategischer Positionierung und markenzentrierter Produktentwicklung ber\u00e4t. Andreas Reiter ist Referent und Key Note-Speaker bei internationalen Kongressen und Tagungen, Buchautor sowie Lehrbeauftragter f\u00fcr Trend- und Innovations-Management an der Donau-Universit\u00e4t Krems sowie an der Fachhochschule MCI in Innsbruck.<\/span><\/span><\/p>\n<p dir=\"rtl\" style=\"text-align: left;\"><span style=\"font-size: 16px;\"><a href=\"http:\/\/de.slideshare.net\/TourismFastForward\/tff2016-andreas-reiter-freizeitwerte-der-millenials\" target=\"_blank\"><strong>Link zum Vortrag<\/strong><\/a><br \/>\n<a href=\"https:\/\/youtu.be\/f5tmc9PzUAs\" target=\"_blank\"><strong>Link zum Video<\/strong><\/a><\/span><\/p>\n<hr \/>\n<p><img loading=\"lazy\" decoding=\"async\" class=\"wp-image-3364 alignnone\" title=\"\" src=\"http:\/\/www.tourismfastforward.com\/2016\/wp-content\/uploads\/2015\/07\/Bild_Stefan.Richter-e1455019109151-380x382.jpg\" alt=\"\" width=\"213\" height=\"214\" srcset=\"https:\/\/www.tourismfastforward.com\/2016\/wp-content\/uploads\/2015\/07\/Bild_Stefan.Richter-e1455019109151-380x382.jpg 380w, https:\/\/www.tourismfastforward.com\/2016\/wp-content\/uploads\/2015\/07\/Bild_Stefan.Richter-e1455019109151-320x320.jpg 320w, https:\/\/www.tourismfastforward.com\/2016\/wp-content\/uploads\/2015\/07\/Bild_Stefan.Richter-e1455019109151-240x240.jpg 240w, https:\/\/www.tourismfastforward.com\/2016\/wp-content\/uploads\/2015\/07\/Bild_Stefan.Richter-e1455019109151.jpg 425w\" sizes=\"auto, (max-width: 213px) 100vw, 213px\" \/><\/p>\n<p><strong><span style=\"font-family: arial black,avant garde; font-size: 12pt;\">Dipl.-Kfm.<\/span><\/strong><br \/>\n<strong><span style=\"font-family: arial black,avant garde; font-size: 20pt;\">STEFAN\u00a0RICHTER\u00a0<\/span><\/strong><br \/>\n<strong><span style=\"line-height: 1; font-family: arial black,avant garde; font-size: 12pt;\">Gesch\u00e4ftsf\u00fchrer M-Pulso GmbH<\/span><\/strong><\/p>\n<p style=\"text-align: justify;\"><span style=\"font-family: arial,helvetica,sans-serif;\"><span style=\"font-size: 12pt;\">Stefan Richter besch\u00e4ftigt sich beim App-Entickler M-Pulso mit der Konzeptionierung und der Vermarktung von innovativen mobilen Applikationen f\u00fcr den Tourismus. Er kann dabei auf die Erfahrung aus der langj\u00e4hrigen T\u00e4tigkeit als Marketingleiter bei den Kaunertaler- und Pitztaler Gletscherbahnen zur\u00fcckgreifen. Innovative Ans\u00e4tze und L\u00f6sungen im Tourismus \u2013 nicht nur bei Apps &#8211; hat Stefan Richter auch bei seiner \u00fcber einj\u00e4hrigen Weltreise gewinnen k\u00f6nnen, die er jetzt f\u00fcr die erfolgreiche Entwicklung der M-Pulso GmbH einsetzt. <\/span><\/span><\/p>\n<p style=\"text-align: justify;\"><span style=\"font-size: 16px;\"><strong>Link zum Vortrag<\/strong><\/span><\/p>\n<hr \/>\n<p><img decoding=\"async\" class=\"wp-image-3364 alignnone\" style=\"width: 220px; height: 220px;\" title=\"\" src=\"http:\/\/www.tourismfastforward.com\/2016\/wp-content\/uploads\/2016\/04\/Salant1.jpg\" alt=\"\" \/><\/p>\n<p><strong><span style=\"font-family: arial black,avant garde; font-size: 20pt;\">ROBERT SALANT\u00a0<\/span><\/strong><br \/>\n<strong><span style=\"line-height: 1; font-family: arial black,avant garde; font-size: 12pt;\">Innsbruck Tourismus &#8211; rss services<\/span><\/strong><\/p>\n<p style=\"text-align: justify;\"><span style=\"font-family: arial,helvetica,sans-serif;\"><span style=\"font-size: 12pt;\">Mag. Robert Salant ist seit einigen Jahren als externer Berater und Projektmanager bei Innsbruck Tourismus involviert. Die Kernbereiche sind Strategieentwicklung und die Markenarbeit mit einem zielorientierten Projektmanagement.\u00a0So ist es auch seine Challenge im technologischen Wandel die relevanten Trends zu erkennen und folglich die geeigneten Tools &amp; Prozesse einzugliedern.<\/span><\/span><\/p>\n<p dir=\"rtl\" style=\"text-align: left;\"><span style=\"font-size: 16px;\"><a href=\"http:\/\/www.tourismfastforward.com\/2016\/wp-content\/uploads\/2016\/09\/TFF-Presi_Social-Media-Case-Study-IBK.pdf\"><strong>Link zum Vortrag<\/strong><\/a><br \/>\n<a href=\"https:\/\/www.youtube.com\/watch?v=-JZO9MwR8tE\" target=\"_blank\"><strong>Link zum Video<\/strong><\/a><\/span><\/p>\n<hr \/>\n<p><img loading=\"lazy\" decoding=\"async\" class=\"size-full wp-image-4216 alignnone\" title=\"\" src=\"http:\/\/www.tourismfastforward.com\/2016\/wp-content\/uploads\/2016\/03\/Roland-Schegg.jpg\" alt=\"Roland-Schegg\" width=\"220\" height=\"220\" \/><\/p>\n<p><strong><span style=\"font-family: arial black,avant garde; font-size: 20pt;\">ROLAND\u00a0SCHEGG<\/span><\/strong><br \/>\n<strong><span style=\"line-height: 1; font-family: arial black,avant garde; font-size: 12pt;\">Fachhochschule Westschweiz Wallis (HES-SO Valais\/Wallis)<\/span><\/strong><\/p>\n<p style=\"text-align: justify;\"><span style=\"font-family: arial,helvetica,sans-serif;\"><span style=\"font-size: 12pt;\">Dr. Roland Schegg ist Dozent an der Hochschule f\u00fcr <\/span><span style=\"font-size: 12pt;\">Wirtschaft und Tourismus in Siders und Forscher am <\/span><span style=\"font-size: 12pt;\">Institut f\u00fcr Tourismus der HES-SO Valais Wallis. Zwischen <\/span><span style=\"font-size: 12pt;\">2000 und 2004 war er\u00a0als wissenschaftlicher Mitarbeiter <\/span><span style=\"font-size: 12pt;\">und sp\u00e4ter als Dozent an der Ecole H\u00f4teli\u00e8re de Lausanne t\u00e4tig. Seine wissenschaftliche Laufbahn begann er mit einem Studium der\u00a0<\/span><span style=\"font-size: 12pt;\">Naturwissenschaften an der ETH in Z\u00fcrich in den 80er Jahren. 1993 folgte die Promotion <\/span><span style=\"font-size: 12pt;\">an der Universit\u00e4t Genf. Aktuell besch\u00e4ftigt er sich im Rahmen seiner Forschungst\u00e4tigkeit vor\u00a0allem mit dem Einfluss neuer Informations- und Kommunikationstechnologien auf die Tourismusindustrie. Aktuelle Tourismus Studienergebnisse finden Sie hier: <a href=\"http:\/\/etourism-monitor.ch\/downloads\/all\">http:\/\/etourism-monitor.ch\/downloads\/all<\/a><\/span><\/span><\/p>\n<p dir=\"rtl\" style=\"text-align: left;\"><span style=\"font-size: 16px;\"><a href=\"http:\/\/de.slideshare.net\/TourismFastForward\/tff2016-roland-schegg-online-hotelvetrieb\" target=\"_blank\"><strong>Link zum Vortrag<\/strong><\/a><br \/>\n<a href=\"https:\/\/www.youtube.com\/watch?v=rRvEtv5liQY\" target=\"_blank\"><strong>Link zum Video<\/strong><\/a><\/span><\/p>\n<hr \/>\n<p><img decoding=\"async\" class=\"size-full wp-image-4214 alignnone\" style=\"width: 220px; height: 220px;\" title=\"\" src=\"http:\/\/www.tourismfastforward.com\/2016\/wp-content\/uploads\/2016\/04\/Alex_Schwarz_Airbnb1.jpg\" alt=\"Klaus-Schwarzenberger\" \/><\/p>\n<p><strong><span style=\"font-family: arial black,avant garde; font-size: 20pt;\">ALEXANDER\u00a0SCHWARZ<\/span><\/strong><br \/>\n<span style=\"font-family: 'arial black', 'avant garde';\"><span style=\"font-size: 16px; line-height: 16px;\"><b>Airbnb<\/b><\/span><\/span><\/p>\n<p style=\"text-align: justify;\"><span style=\"font-family: arial,helvetica,sans-serif;\"><span style=\"font-size: 12pt;\">Alexander Schwarz ist bei Airbnb General Manager f\u00fcr Deutschland, \u00d6sterreich und die Schweiz (DACH-Region). Schwarz verantwortet dabei Strategien f\u00fcr das Wachstum der Online-Community in einer der wichtigsten Regionen f\u00fcr Airbnb weltweit. Der 40-J\u00e4hrige ist Experte mit langj\u00e4hriger Erfahrung in Strategie- und Gesch\u00e4ftsentwicklung. So war er vor seinem Wechsel zu Airbnb seit 2010 in verschiedenen F\u00fchrungspositionen f\u00fcr PayPal Deutschland t\u00e4tig und leitete dort zuletzt den Gesch\u00e4ftsbereich Rechnungskauf. Dar\u00fcber hinaus war er bereits f\u00fcr zwei Jahre f\u00fcr das Projektmanagement im Bereich Outsourcing und Controlling bei ebay Deutschland verantwortlich.<\/span><\/span><\/p>\n<p dir=\"rtl\" style=\"text-align: left;\"><span style=\"font-size: 16px;\"><a href=\"http:\/\/de.slideshare.net\/TourismFastForward\/tff2016-alexander-schwarz-airbnb\" target=\"_blank\"><strong>Link zum Vortrag<\/strong><\/a><br \/>\n<a href=\"https:\/\/www.youtube.com\/watch?v=qu2tz_IfcZg\" target=\"_blank\"><strong>Link zum Video<\/strong><\/a><\/span><\/p>\n<hr \/>\n<p><img loading=\"lazy\" decoding=\"async\" class=\"size-full wp-image-4214 alignnone\" title=\"\" src=\"http:\/\/www.tourismfastforward.com\/2016\/wp-content\/uploads\/2016\/03\/Klaus-Schwarzenberger.jpg\" alt=\"Klaus-Schwarzenberger\" width=\"220\" height=\"220\" \/><\/p>\n<p><strong><span style=\"font-family: arial black,avant garde; font-size: 20pt;\">KLAUS\u00a0SCHWARZENBERGER<\/span><\/strong><br \/>\n<strong><span style=\"line-height: 1; font-family: arial black,avant garde; font-size: 12pt;\">Co-Founder and CTO, Experience Fellow GmbH<\/span><\/strong><\/p>\n<p style=\"text-align: justify;\"><span style=\"font-family: arial,helvetica,sans-serif;\"><span style=\"font-size: 12pt;\">Klaus gr\u00fcndete gemeinsam mit Marc Stickdorn und Jakob Schneider 2012 die Smaply GmbH und ein Jahr sp\u00e4ter die Experiencefellow GmbH, zwei Startups im Bereich Customer Experience Management und Service Design. Er leitet f\u00fcr beide Unternehmen die technische sowie Produktentwicklung. Weiters spricht er auf Konferenzen \u00fcber Design Research und unterrichtet an internationalen Hochschulen Service Design &amp; agiles Projektmanagement.<\/span><\/span><\/p>\n<p style=\"text-align: justify;\"><span style=\"font-size: 16px;\"><a href=\"http:\/\/de.slideshare.net\/TourismFastForward\/tff2016-michael-steingress-die-digitale-customer-journey\" target=\"_blank\"><strong>Michael Steingress &#8211;\u00a0Link zum Vortrag<\/strong><\/a><\/span><\/p>\n<hr \/>\n<p><img loading=\"lazy\" decoding=\"async\" class=\"size-full wp-image-4218 alignnone\" title=\"\" src=\"http:\/\/www.tourismfastforward.com\/2016\/wp-content\/uploads\/2016\/03\/Rudi-Studer.jpg\" alt=\"Rudi-Studer\" width=\"220\" height=\"220\" \/><\/p>\n<p><strong><span style=\"font-family: arial black,avant garde; font-size: 20pt;\">RUDI\u00a0STUDER<\/span><\/strong><br \/>\n<span style=\"line-height: 1; font-family: arial black,avant garde; font-size: 12pt;\"><strong>Karlsruher Institut f\u00fcr Technologie (KIT) &amp; FZI Forschungszentrum Informatik<\/strong><\/span><\/p>\n<p style=\"text-align: justify;\"><span style=\"font-family: arial,helvetica,sans-serif;\"><span style=\"font-size: 12pt;\">Rudi Studer ist Professor am Institut f\u00fcr Angewandte Informatik und Formale Beschreibungsverfahren (AIFB) am Karlsruhe Institut f\u00fcr Technologie (KIT). Er ist zudem Direktor am Karlsruhe Service Research Institut (KSRI) und am FZI Forschungszentrum Informatik. Seine Forschungsinteressen umfassen Wissensmanagement, Semantic Web Technologien, Data and Text Mining, Big Data und Service Science.<br \/>\nSein Informatik-Diplom erhielt er 1975 an der Universit\u00e4t Stuttgart. 1982 promovierte und 1985 habilitierte er an der Universit\u00e4t Stuttgart. 1985 bis 1989 war er Projektleiter und Manager am wissenschaftlichen Zentrum von IBM Deutschland.<\/span><\/span><\/p>\n<p style=\"text-align: justify;\"><span style=\"font-family: arial,helvetica,sans-serif;\"><span style=\"font-size: 12pt;\">Er ist an zahlreichen nationalen und internationalen Forschungsprojekten beteiligt, unter anderem am SFB\/Transregio 125 Cognition-Guided Surgery &#8211; Wissens- und modellbasierte Chirurgie sowie an den EU-Projekten XLime (crossLingual crossMedia Knowledge Extraction) und iVision (Immersive Semantics-based Virtual Environments for the Design and Validation of Human-centred Aircraft Cockpits).<br \/>\nRudi Studer war Gr\u00fcndungspr\u00e4sident der Semantic Web Science Association (SWSA) und Editor-in-Chief des Journal of Web Semantics: Science, Services and Agents on the World Wide Web. Er ist STI International Fellow.<\/span><\/span><\/p>\n<p dir=\"rtl\" style=\"text-align: left;\"><span style=\"font-size: 16px;\"><a href=\"http:\/\/de.slideshare.net\/TourismFastForward\/tff2016-rudi-studer-smarte-dienstleistungen-mit-semantischen-technologien\" target=\"_blank\"><strong>Link zum Vortrag<\/strong><\/a><br \/>\n<a href=\"https:\/\/www.youtube.com\/watch?v=t5bexZueYI4\" target=\"_blank\"><strong>Link zum Video<\/strong><\/a><\/span><\/p>\n<hr \/>\n<p><img loading=\"lazy\" decoding=\"async\" class=\"size-full wp-image-4219 alignnone\" title=\"\" src=\"http:\/\/www.tourismfastforward.com\/2016\/wp-content\/uploads\/2016\/03\/Scott-Thwaites.jpg\" alt=\"Scott-Thwaites\" width=\"220\" height=\"220\" \/><\/p>\n<p><strong><span style=\"font-family: arial black,avant garde; font-size: 20pt;\">SCOTT THWAITES<\/span><\/strong><br \/>\n<span style=\"line-height: 1; font-family: arial black,avant garde; font-size: 12pt;\"><strong>Twitter<\/strong><\/span><\/p>\n<p style=\"text-align: justify;\"><span style=\"font-family: arial,helvetica,sans-serif;\"><span style=\"font-size: 12pt;\">Scott manages Twitter\u2019s sales partnerships across EMEA. He is responsible for managing Twitter\u2019s sales partners across EMEA to deliver healthy growth. Prior to Twitter, Scott worked for Ad Dynamo in South Africa, where he was the head of Twitter\u2019s Advertising Operations and played a fundamental role in the setup and running of Ad Dynamo\u2019s Twitter Ad Sales Partnership in South Africa. Before that he worked in other roles in Ad Dynamo such as Head of Global Projects and Client Services Director.<\/span><\/span><\/p>\n<p dir=\"rtl\" style=\"text-align: left;\"><span style=\"font-size: 16px;\"><strong>Link zum Vortrag<\/strong><br \/>\n<a href=\"https:\/\/www.youtube.com\/watch?v=aIJFKTB971c\" target=\"_blank\"><strong>Link zum Video<\/strong><\/a><\/span><\/p>\n<hr \/>\n<p>&nbsp;<\/p>\n<p style=\"text-align: center;\"><strong><span style=\"font-family: arial black,avant garde; font-size: 20pt;\">Beispiele aus der Praxis:<br \/>\nZAHLEN\u00a0\u2013 FAKTEN\u00a0\u2013 GAPS<\/span><\/strong><\/p>\n<p>&nbsp;<\/p>\n<p>&nbsp;<\/p>\n<p><strong><span style=\"font-family: arial black,avant garde; font-size: 20pt;\">THOMAS ANGERER, <\/span><span style=\"font-family: 'arial black', 'avant garde'; font-size: 16px; line-height: 16px;\">Feratel<br \/>\n<a href=\"http:\/\/de.slideshare.net\/TourismFastForward\/feratel\" target=\"_blank\">Link zum Vortrag<\/a><br \/>\n<a href=\"https:\/\/www.youtube.com\/watch?v=TN5E4JQyDhs\" target=\"_blank\">Link zum Video<\/a><\/span><\/strong><\/p>\n<p>&nbsp;<\/p>\n<p><strong><span style=\"font-family: arial black,avant garde; font-size: 20pt;\">JOHANNES\u00a0BREITFUSS, <\/span><span style=\"font-family: 'arial black', 'avant garde'; font-size: 16px; line-height: 16px;\">Seekda GmbH<br \/>\n<a href=\"http:\/\/de.slideshare.net\/TourismFastForward\/tff-2016-seekda\" target=\"_blank\">Link zum Vortrag<\/a><br \/>\n<a href=\"https:\/\/www.youtube.com\/watch?v=3d66d9QzikY\" target=\"_blank\">Link zum Video<\/a><\/span><\/strong><\/p>\n<p>&nbsp;<\/p>\n<p><strong><span style=\"font-family: arial black,avant garde; font-size: 20pt;\">RONALD FELDER, <\/span><\/strong><span style=\"line-height: 1; font-family: arial black,avant garde; font-size: 12pt;\"><strong>HRS Destionations<\/strong><br \/>\n<a href=\"http:\/\/de.slideshare.net\/TourismFastForward\/tff2016-ronald-felder-hrs-destinations\">Link zum Vortrag<\/a><br \/>\n<a href=\"https:\/\/www.youtube.com\/watch?v=NN91Dc0FPto\" target=\"_blank\">Link zum Video<\/a><\/span><\/p>\n<p>&nbsp;<\/p>\n<p><strong><span style=\"font-family: arial black,avant garde; font-size: 20pt;\">HENDRIK MAAT, <\/span><span style=\"font-family: 'arial black', 'avant garde'; font-size: 16px; line-height: 16px;\">easybooking<br \/>\n<a href=\"http:\/\/de.slideshare.net\/TourismFastForward\/tff2016-hendrik-maat-easybooking\" target=\"_blank\">Link zum Vortrag<\/a><br \/>\n<a href=\"https:\/\/www.youtube.com\/watch?v=71cQmNeQqhc\" target=\"_blank\">Link zum Video<\/a><\/span><\/strong><\/p>\n","protected":false},"excerpt":{"rendered":"<p>MICHAEL\u00a0BRANDL Tirol Werbung Dr. Michael Brandl ist stellvertretender Direktor und Prokurist der Tirol Werbung GmbH mit den Schwerpunkten Strategie- &amp; Business-Development, HR, Recht, Controlling, touristische Marktforschung, allgemeine Tourismusentwicklung und Betreuung strategischer Partnerschaften. Link zum Vortrag Link zum Video ROMAN\u00a0EGGER Fachhochschule Salzburg Roman Egger (Dr. phil.) ist Professor am Studiengang\u00a0&#8220;Innovation and Management in Tourism&#8221;\u00a0der\u00a0Fachhochschule Salzburg und<\/p>\n<p><a href=\"https:\/\/www.tourismfastforward.com\/2016\/vortragende\/\" class=\"more-link themebutton\">Read More<\/a><\/p>\n","protected":false},"author":1,"featured_media":0,"parent":0,"menu_order":12,"comment_status":"closed","ping_status":"closed","template":"","meta":{"ngg_post_thumbnail":0,"footnotes":""},"class_list":["post-2490","page","type-page","status-publish","hentry"],"yoast_head":"<!-- This site is optimized with the Yoast SEO plugin v27.5 - https:\/\/yoast.com\/product\/yoast-seo-wordpress\/ -->\n<title>Vortragende | Tourism Fast Forward 2016<\/title>\n<meta name=\"description\" content=\"Scott Thwaites (Twitter), Michael Brandl (Tirol Werbung), Roman Egger (Fachhochschule Salzburg), Reinhard Lanner (Salzburger Land Tourismus Gesellschaft)...\" \/>\n<meta name=\"robots\" content=\"index, follow, max-snippet:-1, max-image-preview:large, max-video-preview:-1\" \/>\n<link rel=\"canonical\" href=\"https:\/\/www.tourismfastforward.com\/2016\/vortragende\/\" \/>\n<meta property=\"og:locale\" content=\"en_GB\" \/>\n<meta property=\"og:type\" content=\"article\" \/>\n<meta property=\"og:title\" content=\"Vortragende | Tourism Fast Forward 2016\" \/>\n<meta property=\"og:description\" content=\"Scott Thwaites (Twitter), Michael Brandl (Tirol Werbung), Roman Egger (Fachhochschule Salzburg), Reinhard Lanner (Salzburger Land Tourismus Gesellschaft)...\" \/>\n<meta property=\"og:url\" content=\"https:\/\/www.tourismfastforward.com\/2016\/vortragende\/\" \/>\n<meta property=\"og:site_name\" content=\"Tourism Fast Forward 2016 | Die Konferenz f\u00fcr innovative Technologien im Tourismus\" \/>\n<meta property=\"article:modified_time\" content=\"2016-09-06T13:50:31+00:00\" \/>\n<meta property=\"og:image\" content=\"http:\/\/www.tourismfastforward.com\/2016\/wp-content\/uploads\/2016\/03\/Michael-Brandl.jpg\" \/>\n<meta name=\"twitter:label1\" content=\"Estimated reading time\" \/>\n\t<meta name=\"twitter:data1\" content=\"7 minutes\" \/>\n<script type=\"application\/ld+json\" class=\"yoast-schema-graph\">{\"@context\":\"https:\\\/\\\/schema.org\",\"@graph\":[{\"@type\":\"WebPage\",\"@id\":\"https:\\\/\\\/www.tourismfastforward.com\\\/2016\\\/vortragende\\\/\",\"url\":\"https:\\\/\\\/www.tourismfastforward.com\\\/2016\\\/vortragende\\\/\",\"name\":\"Vortragende | Tourism Fast Forward 2016\",\"isPartOf\":{\"@id\":\"https:\\\/\\\/www.tourismfastforward.com\\\/2016\\\/#website\"},\"primaryImageOfPage\":{\"@id\":\"https:\\\/\\\/www.tourismfastforward.com\\\/2016\\\/vortragende\\\/#primaryimage\"},\"image\":{\"@id\":\"https:\\\/\\\/www.tourismfastforward.com\\\/2016\\\/vortragende\\\/#primaryimage\"},\"thumbnailUrl\":\"http:\\\/\\\/www.tourismfastforward.com\\\/2016\\\/wp-content\\\/uploads\\\/2016\\\/03\\\/Michael-Brandl.jpg\",\"datePublished\":\"2015-07-20T21:23:07+00:00\",\"dateModified\":\"2016-09-06T13:50:31+00:00\",\"description\":\"Scott Thwaites (Twitter), Michael Brandl (Tirol Werbung), Roman Egger (Fachhochschule Salzburg), Reinhard Lanner (Salzburger Land Tourismus Gesellschaft)...\",\"breadcrumb\":{\"@id\":\"https:\\\/\\\/www.tourismfastforward.com\\\/2016\\\/vortragende\\\/#breadcrumb\"},\"inLanguage\":\"en-GB\",\"potentialAction\":[{\"@type\":\"ReadAction\",\"target\":[\"https:\\\/\\\/www.tourismfastforward.com\\\/2016\\\/vortragende\\\/\"]}]},{\"@type\":\"ImageObject\",\"inLanguage\":\"en-GB\",\"@id\":\"https:\\\/\\\/www.tourismfastforward.com\\\/2016\\\/vortragende\\\/#primaryimage\",\"url\":\"http:\\\/\\\/www.tourismfastforward.com\\\/2016\\\/wp-content\\\/uploads\\\/2016\\\/03\\\/Michael-Brandl.jpg\",\"contentUrl\":\"http:\\\/\\\/www.tourismfastforward.com\\\/2016\\\/wp-content\\\/uploads\\\/2016\\\/03\\\/Michael-Brandl.jpg\"},{\"@type\":\"BreadcrumbList\",\"@id\":\"https:\\\/\\\/www.tourismfastforward.com\\\/2016\\\/vortragende\\\/#breadcrumb\",\"itemListElement\":[{\"@type\":\"ListItem\",\"position\":1,\"name\":\"Home\",\"item\":\"https:\\\/\\\/www.tourismfastforward.com\\\/2016\\\/\"},{\"@type\":\"ListItem\",\"position\":2,\"name\":\"Vortragende\"}]},{\"@type\":\"WebSite\",\"@id\":\"https:\\\/\\\/www.tourismfastforward.com\\\/2016\\\/#website\",\"url\":\"https:\\\/\\\/www.tourismfastforward.com\\\/2016\\\/\",\"name\":\"Tourism Fast Forward 2016 | Die Konferenz f\u00fcr innovative Technologien im Tourismus\",\"description\":\"Tourism Fast Forward 2016\",\"potentialAction\":[{\"@type\":\"SearchAction\",\"target\":{\"@type\":\"EntryPoint\",\"urlTemplate\":\"https:\\\/\\\/www.tourismfastforward.com\\\/2016\\\/?s={search_term_string}\"},\"query-input\":{\"@type\":\"PropertyValueSpecification\",\"valueRequired\":true,\"valueName\":\"search_term_string\"}}],\"inLanguage\":\"en-GB\"}]}<\/script>\n<!-- \/ Yoast SEO plugin. -->","yoast_head_json":{"title":"Vortragende | Tourism Fast Forward 2016","description":"Scott Thwaites (Twitter), Michael Brandl (Tirol Werbung), Roman Egger (Fachhochschule Salzburg), Reinhard Lanner (Salzburger Land Tourismus Gesellschaft)...","robots":{"index":"index","follow":"follow","max-snippet":"max-snippet:-1","max-image-preview":"max-image-preview:large","max-video-preview":"max-video-preview:-1"},"canonical":"https:\/\/www.tourismfastforward.com\/2016\/vortragende\/","og_locale":"en_GB","og_type":"article","og_title":"Vortragende | Tourism Fast Forward 2016","og_description":"Scott Thwaites (Twitter), Michael Brandl (Tirol Werbung), Roman Egger (Fachhochschule Salzburg), Reinhard Lanner (Salzburger Land Tourismus Gesellschaft)...","og_url":"https:\/\/www.tourismfastforward.com\/2016\/vortragende\/","og_site_name":"Tourism Fast Forward 2016 | Die Konferenz f\u00fcr innovative Technologien im Tourismus","article_modified_time":"2016-09-06T13:50:31+00:00","og_image":[{"url":"http:\/\/www.tourismfastforward.com\/2016\/wp-content\/uploads\/2016\/03\/Michael-Brandl.jpg","type":"","width":"","height":""}],"twitter_misc":{"Estimated reading time":"7 minutes"},"schema":{"@context":"https:\/\/schema.org","@graph":[{"@type":"WebPage","@id":"https:\/\/www.tourismfastforward.com\/2016\/vortragende\/","url":"https:\/\/www.tourismfastforward.com\/2016\/vortragende\/","name":"Vortragende | Tourism Fast Forward 2016","isPartOf":{"@id":"https:\/\/www.tourismfastforward.com\/2016\/#website"},"primaryImageOfPage":{"@id":"https:\/\/www.tourismfastforward.com\/2016\/vortragende\/#primaryimage"},"image":{"@id":"https:\/\/www.tourismfastforward.com\/2016\/vortragende\/#primaryimage"},"thumbnailUrl":"http:\/\/www.tourismfastforward.com\/2016\/wp-content\/uploads\/2016\/03\/Michael-Brandl.jpg","datePublished":"2015-07-20T21:23:07+00:00","dateModified":"2016-09-06T13:50:31+00:00","description":"Scott Thwaites (Twitter), Michael Brandl (Tirol Werbung), Roman Egger (Fachhochschule Salzburg), Reinhard Lanner (Salzburger Land Tourismus Gesellschaft)...","breadcrumb":{"@id":"https:\/\/www.tourismfastforward.com\/2016\/vortragende\/#breadcrumb"},"inLanguage":"en-GB","potentialAction":[{"@type":"ReadAction","target":["https:\/\/www.tourismfastforward.com\/2016\/vortragende\/"]}]},{"@type":"ImageObject","inLanguage":"en-GB","@id":"https:\/\/www.tourismfastforward.com\/2016\/vortragende\/#primaryimage","url":"http:\/\/www.tourismfastforward.com\/2016\/wp-content\/uploads\/2016\/03\/Michael-Brandl.jpg","contentUrl":"http:\/\/www.tourismfastforward.com\/2016\/wp-content\/uploads\/2016\/03\/Michael-Brandl.jpg"},{"@type":"BreadcrumbList","@id":"https:\/\/www.tourismfastforward.com\/2016\/vortragende\/#breadcrumb","itemListElement":[{"@type":"ListItem","position":1,"name":"Home","item":"https:\/\/www.tourismfastforward.com\/2016\/"},{"@type":"ListItem","position":2,"name":"Vortragende"}]},{"@type":"WebSite","@id":"https:\/\/www.tourismfastforward.com\/2016\/#website","url":"https:\/\/www.tourismfastforward.com\/2016\/","name":"Tourism Fast Forward 2016 | Die Konferenz f\u00fcr innovative Technologien im Tourismus","description":"Tourism Fast Forward 2016","potentialAction":[{"@type":"SearchAction","target":{"@type":"EntryPoint","urlTemplate":"https:\/\/www.tourismfastforward.com\/2016\/?s={search_term_string}"},"query-input":{"@type":"PropertyValueSpecification","valueRequired":true,"valueName":"search_term_string"}}],"inLanguage":"en-GB"}]}},"_links":{"self":[{"href":"https:\/\/www.tourismfastforward.com\/2016\/wp-json\/wp\/v2\/pages\/2490","targetHints":{"allow":["GET"]}}],"collection":[{"href":"https:\/\/www.tourismfastforward.com\/2016\/wp-json\/wp\/v2\/pages"}],"about":[{"href":"https:\/\/www.tourismfastforward.com\/2016\/wp-json\/wp\/v2\/types\/page"}],"author":[{"embeddable":true,"href":"https:\/\/www.tourismfastforward.com\/2016\/wp-json\/wp\/v2\/users\/1"}],"replies":[{"embeddable":true,"href":"https:\/\/www.tourismfastforward.com\/2016\/wp-json\/wp\/v2\/comments?post=2490"}],"version-history":[{"count":143,"href":"https:\/\/www.tourismfastforward.com\/2016\/wp-json\/wp\/v2\/pages\/2490\/revisions"}],"predecessor-version":[{"id":5470,"href":"https:\/\/www.tourismfastforward.com\/2016\/wp-json\/wp\/v2\/pages\/2490\/revisions\/5470"}],"wp:attachment":[{"href":"https:\/\/www.tourismfastforward.com\/2016\/wp-json\/wp\/v2\/media?parent=2490"}],"curies":[{"name":"wp","href":"https:\/\/api.w.org\/{rel}","templated":true}]}}